{"id":376,"date":"2020-05-16T23:47:17","date_gmt":"2020-05-16T21:47:17","guid":{"rendered":"https:\/\/web.infn.it\/RadioLAB\/?page_id=376"},"modified":"2024-01-03T11:57:53","modified_gmt":"2024-01-03T10:57:53","slug":"lecce","status":"publish","type":"page","link":"https:\/\/web.infn.it\/RadioLAB\/le-sezioni\/lecce\/","title":{"rendered":"Lecce"},"content":{"rendered":"\n<p><strong>Responsabile locale: &nbsp;Andrea Ventura<\/strong><\/p>\n\n\n\n<p><strong>Partecipanti:&nbsp;<\/strong>Anna Paola Caricato, Maria Luisa De Giorgi, Manuel Fernandez, Giovanni Buccolieri, Maurizio Martino, Fabio Paladini<\/p>\n\n\n\n<p>Questa sezione ha iniziato l\u2019attivit\u00e0 nel 2017\/18.<\/p>\n\n\n\n<p>Dieci scuole partecipanti (prevalentemente licei scientifici) dalle province di Lecce, Brindisi e Taranto, per un totale di circa 150 studenti coinvolti. In 4 casi sono state stipulate convenzioni in alternanza scuola-lavoro. Il percorso formativo&nbsp;consta di 15 ore per studenti del III, IV e V anno delle scuole superiori, con un minicorso ai docenti su radioprotezione e Radon. Distribuzione (avvenuta a gennaio 2018) di circa cinquanta rivelatori CR-39 nelle suddette scuole con lettura delle concentrazioni programmate sia per giugno\/luglio sia per settembre\/ottobre.<\/p>\n\n\n\n<p>Il 17 aprile 2018 si \u00e8 svolto il Workshop finale con presentazione delle attivit\u00e0 e misure avvenute in passato (la presa dati 2018 \u00e8 ancora in corso).<\/p>\n\n\n\n<p>Le attivit\u00e0 studentesche vengono riconosciute con due crediti formativi universitari presso UniSalento.&nbsp;<\/p>\n\n\n\n<p><strong><em>Contatti:&nbsp;<a href=\"mailto:andrea.ventura@le.infn.it\">andrea.ventura@le.infn.it<\/a><\/em><\/strong><\/p>\n\n\n\n<div style=\"height:20px\" aria-hidden=\"true\" class=\"wp-block-spacer\"><\/div>\n\n\n\n<p class=\"has-text-align-center\">Vorresti far parte del progetto? Compila il seguente\u00a0<strong><a href=\"https:\/\/docs.google.com\/forms\/d\/e\/1FAIpQLSfZg_RswoYmPkbQdPiODBXsb_k4fqFHVBRUoyuaGW7EduWq0w\/viewform\" target=\"_blank\" rel=\"noopener\" title=\"\">MODULO<\/a><\/strong><\/p>\n\n\n\n<div class=\"wp-block-group\"><div class=\"wp-block-group__inner-container is-layout-constrained wp-block-group-is-layout-constrained\">\n<div style=\"height:100px\" aria-hidden=\"true\" class=\"wp-block-spacer\"><\/div>\n\n\n\n<h3 class=\"wp-block-heading has-text-align-right\"><mark style=\"background-color:rgba(0, 0, 0, 0);color:#ff8a00\" class=\"has-inline-color\">I NOSTRI ULTIMI EVENTI<\/mark><\/h3>\n\n\n\n<div style=\"height:10px\" aria-hidden=\"true\" class=\"wp-block-spacer\"><\/div>\n<\/div><\/div>\n\n\n<div class=\"wp-block-themeisle-blocks-posts-grid\" id=\"wp-block-themeisle-blocks-posts-grid-8152dcc6\"><div class=\"is-list\"><div class=\"o-posts-grid-post-blog o-posts-grid-post-plain\"><div class=\"o-posts-grid-post\"><div class=\"o-posts-grid-post-image\"><a href=\"https:\/\/web.infn.it\/RadioLAB\/7-novembre-2019-radon-day-presso-listituto-tecnico-g-deledda-di-lecce\/\"><img loading=\"lazy\" decoding=\"async\" width=\"225\" height=\"300\" src=\"https:\/\/web.infn.it\/RadioLAB\/wp-content\/uploads\/2020\/11\/RadonDay2019_06-225x300.jpg\" class=\"attachment-medium size-medium\" alt=\"7 novembre 2019: Radon Day presso l&#8217;Istituto Tecnico &#8220;G. Deledda&#8221; di Lecce\" srcset=\"https:\/\/web.infn.it\/RadioLAB\/wp-content\/uploads\/2020\/11\/RadonDay2019_06-225x300.jpg 225w, https:\/\/web.infn.it\/RadioLAB\/wp-content\/uploads\/2020\/11\/RadonDay2019_06-768x1024.jpg 768w, https:\/\/web.infn.it\/RadioLAB\/wp-content\/uploads\/2020\/11\/RadonDay2019_06-1152x1536.jpg 1152w, https:\/\/web.infn.it\/RadioLAB\/wp-content\/uploads\/2020\/11\/RadonDay2019_06-1024x1365.jpg 1024w, https:\/\/web.infn.it\/RadioLAB\/wp-content\/uploads\/2020\/11\/RadonDay2019_06-810x1080.jpg 810w, https:\/\/web.infn.it\/RadioLAB\/wp-content\/uploads\/2020\/11\/RadonDay2019_06.jpg 1200w\" sizes=\"(max-width: 225px) 100vw, 225px\" \/><\/a><\/div><div class=\"o-posts-grid-post-body\"><h4 class=\"o-posts-grid-post-title\"><a href=\"https:\/\/web.infn.it\/RadioLAB\/7-novembre-2019-radon-day-presso-listituto-tecnico-g-deledda-di-lecce\/\">7 novembre 2019: Radon Day presso l&#8217;Istituto Tecnico &#8220;G. Deledda&#8221; di Lecce<\/a><\/h4><p class=\"o-posts-grid-post-meta\">Posted on <time datetime=\"2020-11-16T16:47:06+01:00\">16 Novembre 2020<\/time> <\/p><div class=\"o-posts-grid-post-description\"><p>Locandina del Radon Day 2019 presso l&#8217;Istituto Tecnico &#8220;G. Deledda&#8221; di Lecce alla \u2026<\/p><a class=\"o-posts-read-more\" href=\"https:\/\/web.infn.it\/RadioLAB\/7-novembre-2019-radon-day-presso-listituto-tecnico-g-deledda-di-lecce\/\">Read More<\/a><\/div><\/div><\/div><\/div><div class=\"o-posts-grid-post-blog o-posts-grid-post-plain\"><div class=\"o-posts-grid-post\"><div class=\"o-posts-grid-post-image\"><a href=\"https:\/\/web.infn.it\/RadioLAB\/7-novembre-2018-radon-day-presso-il-liceo-marzolla-di-brindisi\/\"><img loading=\"lazy\" decoding=\"async\" width=\"300\" height=\"225\" src=\"https:\/\/web.infn.it\/RadioLAB\/wp-content\/uploads\/2020\/11\/fotogruppo-300x225.jpg\" class=\"attachment-medium size-medium\" alt=\"7 novembre 2018: Radon Day presso il Liceo Marzolla di Brindisi\" srcset=\"https:\/\/web.infn.it\/RadioLAB\/wp-content\/uploads\/2020\/11\/fotogruppo-300x225.jpg 300w, https:\/\/web.infn.it\/RadioLAB\/wp-content\/uploads\/2020\/11\/fotogruppo.jpg 600w\" sizes=\"(max-width: 300px) 100vw, 300px\" \/><\/a><\/div><div class=\"o-posts-grid-post-body\"><h4 class=\"o-posts-grid-post-title\"><a href=\"https:\/\/web.infn.it\/RadioLAB\/7-novembre-2018-radon-day-presso-il-liceo-marzolla-di-brindisi\/\">7 novembre 2018: Radon Day presso il Liceo Marzolla di Brindisi<\/a><\/h4><p class=\"o-posts-grid-post-meta\">Posted on <time datetime=\"2020-11-16T16:12:20+01:00\">16 Novembre 2020<\/time> <\/p><div class=\"o-posts-grid-post-description\"><p>Alcuni scatti dell&#8217;evento alla presenza del Direttore della Sezione INFN di Lecce (Fabio Bossi\u2026<\/p><a class=\"o-posts-read-more\" href=\"https:\/\/web.infn.it\/RadioLAB\/7-novembre-2018-radon-day-presso-il-liceo-marzolla-di-brindisi\/\">Read More<\/a><\/div><\/div><\/div><\/div><div class=\"o-posts-grid-post-blog o-posts-grid-post-plain\"><div class=\"o-posts-grid-post\"><div class=\"o-posts-grid-post-image\"><a href=\"https:\/\/web.infn.it\/RadioLAB\/radon-day-nel-liceo-marzolla-agenda-brindisi-scuola-e-salute\/\"><img loading=\"lazy\" decoding=\"async\" width=\"300\" height=\"215\" src=\"https:\/\/web.infn.it\/RadioLAB\/wp-content\/uploads\/2024\/01\/Screenshot-2024-01-01-alle-15.46.11-300x215.png\" class=\"attachment-medium size-medium\" alt=\"Radon Day nel Liceo Marzolla &#8211; Agenda Brindisi Scuola e Salute\" srcset=\"https:\/\/web.infn.it\/RadioLAB\/wp-content\/uploads\/2024\/01\/Screenshot-2024-01-01-alle-15.46.11-300x215.png 300w, https:\/\/web.infn.it\/RadioLAB\/wp-content\/uploads\/2024\/01\/Screenshot-2024-01-01-alle-15.46.11-1024x735.png 1024w, https:\/\/web.infn.it\/RadioLAB\/wp-content\/uploads\/2024\/01\/Screenshot-2024-01-01-alle-15.46.11-768x551.png 768w, https:\/\/web.infn.it\/RadioLAB\/wp-content\/uploads\/2024\/01\/Screenshot-2024-01-01-alle-15.46.11.png 1480w\" sizes=\"(max-width: 300px) 100vw, 300px\" \/><\/a><\/div><div class=\"o-posts-grid-post-body\"><h4 class=\"o-posts-grid-post-title\"><a href=\"https:\/\/web.infn.it\/RadioLAB\/radon-day-nel-liceo-marzolla-agenda-brindisi-scuola-e-salute\/\">Radon Day nel Liceo Marzolla &#8211; Agenda Brindisi Scuola e Salute<\/a><\/h4><p class=\"o-posts-grid-post-meta\">Posted on <time datetime=\"2018-11-07T15:44:00+01:00\">7 Novembre 2018<\/time> <\/p><div class=\"o-posts-grid-post-description\"><p><\/p><a class=\"o-posts-read-more\" href=\"https:\/\/web.infn.it\/RadioLAB\/radon-day-nel-liceo-marzolla-agenda-brindisi-scuola-e-salute\/\">Read More<\/a><\/div><\/div><\/div><\/div><div class=\"o-posts-grid-post-blog o-posts-grid-post-plain\"><div class=\"o-posts-grid-post\"><div class=\"o-posts-grid-post-image\"><a href=\"https:\/\/web.infn.it\/RadioLAB\/radon-day-incontro-al-liceo-marzolla-oggi\/\"><img loading=\"lazy\" decoding=\"async\" width=\"300\" height=\"141\" src=\"https:\/\/web.infn.it\/RadioLAB\/wp-content\/uploads\/2018\/11\/copertina-news-300x141.jpg\" class=\"attachment-medium size-medium\" alt=\"&#8220;Radon Day&#8221;, incontro al Liceo Marzolla &#8211; Oggi\" srcset=\"https:\/\/web.infn.it\/RadioLAB\/wp-content\/uploads\/2018\/11\/copertina-news-300x141.jpg 300w, https:\/\/web.infn.it\/RadioLAB\/wp-content\/uploads\/2018\/11\/copertina-news-1024x481.jpg 1024w, https:\/\/web.infn.it\/RadioLAB\/wp-content\/uploads\/2018\/11\/copertina-news-768x361.jpg 768w, https:\/\/web.infn.it\/RadioLAB\/wp-content\/uploads\/2018\/11\/copertina-news-1536x722.jpg 1536w, https:\/\/web.infn.it\/RadioLAB\/wp-content\/uploads\/2018\/11\/copertina-news-2048x963.jpg 2048w\" sizes=\"(max-width: 300px) 100vw, 300px\" \/><\/a><\/div><div class=\"o-posts-grid-post-body\"><h4 class=\"o-posts-grid-post-title\"><a href=\"https:\/\/web.infn.it\/RadioLAB\/radon-day-incontro-al-liceo-marzolla-oggi\/\">&#8220;Radon Day&#8221;, incontro al Liceo Marzolla &#8211; Oggi<\/a><\/h4><p class=\"o-posts-grid-post-meta\">Posted on <time datetime=\"2018-11-07T15:38:00+01:00\">7 Novembre 2018<\/time> <\/p><div class=\"o-posts-grid-post-description\"><p><\/p><a class=\"o-posts-read-more\" href=\"https:\/\/web.infn.it\/RadioLAB\/radon-day-incontro-al-liceo-marzolla-oggi\/\">Read More<\/a><\/div><\/div><\/div><\/div><div class=\"o-posts-grid-post-blog o-posts-grid-post-plain\"><div class=\"o-posts-grid-post\"><div class=\"o-posts-grid-post-image\"><a href=\"https:\/\/web.infn.it\/RadioLAB\/radon-day-oggi-convegno-a-brindisi-noinotizie-it\/\"><img loading=\"lazy\" decoding=\"async\" width=\"300\" height=\"164\" src=\"https:\/\/web.infn.it\/RadioLAB\/wp-content\/uploads\/2024\/01\/universita-salento.jpg-300x164.webp\" class=\"attachment-medium size-medium\" alt=\"\u201cRadon day\u201d, oggi convegno a Brindisi &#8211; noinotizie.it\" srcset=\"https:\/\/web.infn.it\/RadioLAB\/wp-content\/uploads\/2024\/01\/universita-salento.jpg-300x164.webp 300w, https:\/\/web.infn.it\/RadioLAB\/wp-content\/uploads\/2024\/01\/universita-salento.jpg-768x420.webp 768w, https:\/\/web.infn.it\/RadioLAB\/wp-content\/uploads\/2024\/01\/universita-salento.jpg.webp 800w\" sizes=\"(max-width: 300px) 100vw, 300px\" \/><\/a><\/div><div class=\"o-posts-grid-post-body\"><h4 class=\"o-posts-grid-post-title\"><a href=\"https:\/\/web.infn.it\/RadioLAB\/radon-day-oggi-convegno-a-brindisi-noinotizie-it\/\">\u201cRadon day\u201d, oggi convegno a Brindisi &#8211; noinotizie.it<\/a><\/h4><p class=\"o-posts-grid-post-meta\">Posted on <time datetime=\"2018-11-07T15:26:00+01:00\">7 Novembre 2018<\/time> <\/p><div class=\"o-posts-grid-post-description\"><p><\/p><a class=\"o-posts-read-more\" href=\"https:\/\/web.infn.it\/RadioLAB\/radon-day-oggi-convegno-a-brindisi-noinotizie-it\/\">Read More<\/a><\/div><\/div><\/div><\/div><div class=\"o-posts-grid-post-blog o-posts-grid-post-plain\"><div class=\"o-posts-grid-post\"><div class=\"o-posts-grid-post-image\"><a href=\"https:\/\/web.infn.it\/RadioLAB\/il-radon-day-dellinfn-lecce-presso-il-liceo-marzolla-di-brindisi-brundisium-net\/\"><img loading=\"lazy\" decoding=\"async\" width=\"300\" height=\"143\" src=\"https:\/\/web.infn.it\/RadioLAB\/wp-content\/uploads\/2023\/12\/gas-radon-630x300-1-300x143.png\" class=\"attachment-medium size-medium\" alt=\"Il Radon Day dell\u2019INFN Lecce presso il Liceo Marzolla di Brindisi &#8211; brundisium.net\" srcset=\"https:\/\/web.infn.it\/RadioLAB\/wp-content\/uploads\/2023\/12\/gas-radon-630x300-1-300x143.png 300w, https:\/\/web.infn.it\/RadioLAB\/wp-content\/uploads\/2023\/12\/gas-radon-630x300-1.png 630w\" sizes=\"(max-width: 300px) 100vw, 300px\" \/><\/a><\/div><div class=\"o-posts-grid-post-body\"><h4 class=\"o-posts-grid-post-title\"><a href=\"https:\/\/web.infn.it\/RadioLAB\/il-radon-day-dellinfn-lecce-presso-il-liceo-marzolla-di-brindisi-brundisium-net\/\">Il Radon Day dell\u2019INFN Lecce presso il Liceo Marzolla di Brindisi &#8211; brundisium.net<\/a><\/h4><p class=\"o-posts-grid-post-meta\">Posted on <time datetime=\"2018-11-06T00:08:00+01:00\">6 Novembre 2018<\/time> <\/p><div class=\"o-posts-grid-post-description\"><p><\/p><a class=\"o-posts-read-more\" href=\"https:\/\/web.infn.it\/RadioLAB\/il-radon-day-dellinfn-lecce-presso-il-liceo-marzolla-di-brindisi-brundisium-net\/\">Read More<\/a><\/div><\/div><\/div><\/div><div class=\"o-posts-grid-post-blog o-posts-grid-post-plain\"><div class=\"o-posts-grid-post\"><div class=\"o-posts-grid-post-image\"><a href=\"https:\/\/web.infn.it\/RadioLAB\/al-liceo-marzolla-di-brindisi-va-in-scena-il-radon-day-brindisireport-it\/\"><img loading=\"lazy\" decoding=\"async\" width=\"300\" height=\"169\" src=\"https:\/\/web.infn.it\/RadioLAB\/wp-content\/uploads\/2023\/12\/radon-day-2-300x169.jpg\" class=\"attachment-medium size-medium\" alt=\"Al liceo Marzolla di Brindisi va in scena il &#8220;Radon Day&#8221; &#8211; brindisireport.it\" srcset=\"https:\/\/web.infn.it\/RadioLAB\/wp-content\/uploads\/2023\/12\/radon-day-2-300x169.jpg 300w, https:\/\/web.infn.it\/RadioLAB\/wp-content\/uploads\/2023\/12\/radon-day-2-768x432.jpg 768w, https:\/\/web.infn.it\/RadioLAB\/wp-content\/uploads\/2023\/12\/radon-day-2.jpg 1000w\" sizes=\"(max-width: 300px) 100vw, 300px\" \/><\/a><\/div><div class=\"o-posts-grid-post-body\"><h4 class=\"o-posts-grid-post-title\"><a href=\"https:\/\/web.infn.it\/RadioLAB\/al-liceo-marzolla-di-brindisi-va-in-scena-il-radon-day-brindisireport-it\/\">Al liceo Marzolla di Brindisi va in scena il &#8220;Radon Day&#8221; &#8211; brindisireport.it<\/a><\/h4><p class=\"o-posts-grid-post-meta\">Posted on <time datetime=\"2018-11-04T23:27:00+01:00\">4 Novembre 2018<\/time> <\/p><div class=\"o-posts-grid-post-description\"><p>https:\/\/www.brindisireport.it\/scuola\/al-liceo-marzolla-di-brindisi-va-in-scena-il-radon-day.html<\/p><a class=\"o-posts-read-more\" href=\"https:\/\/web.infn.it\/RadioLAB\/al-liceo-marzolla-di-brindisi-va-in-scena-il-radon-day-brindisireport-it\/\">Read More<\/a><\/div><\/div><\/div><\/div><\/div> <\/div>\n\n\n<div class=\"wp-block-group\"><div class=\"wp-block-group__inner-container is-layout-constrained wp-block-group-is-layout-constrained\">\n<div style=\"height:50px\" aria-hidden=\"true\" class=\"wp-block-spacer\"><\/div>\n\n\n\n<figure class=\"wp-block-pullquote has-medium-font-size\"><blockquote><p>Niente nella vita va temuto, dev\u2019essere solamente compreso.<\/p><cite><code>Marie Curie<\/code><\/cite><\/blockquote><\/figure>\n\n\n\n<div style=\"height:50px\" aria-hidden=\"true\" class=\"wp-block-spacer\"><\/div>\n<\/div><\/div>\n","protected":false},"excerpt":{"rendered":"<p>Responsabile locale: &nbsp;Andrea Ventura Partecipanti:&nbsp;Anna Paola Caricato, Maria Luisa De Giorgi, Manuel Fernandez, Giovanni Buccolieri, Maurizio Martino, Fabio Paladini Questa sezione ha iniziato l\u2019attivit\u00e0 nel 2017\/18. Dieci scuole partecipanti (prevalentemente licei scientifici) dalle province di Lecce, Brindisi e Taranto, per un totale di circa 150 studenti coinvolti. In 4 casi [&hellip;]<\/p>\n","protected":false},"author":2,"featured_media":2301,"parent":405,"menu_order":0,"comment_status":"closed","ping_status":"closed","template":"","meta":{"om_disable_all_campaigns":false,"_themeisle_gutenberg_block_has_review":false,"footnotes":""},"class_list":["post-376","page","type-page","status-publish","has-post-thumbnail","hentry"],"_links":{"self":[{"href":"https:\/\/web.infn.it\/RadioLAB\/wp-json\/wp\/v2\/pages\/376","targetHints":{"allow":["GET"]}}],"collection":[{"href":"https:\/\/web.infn.it\/RadioLAB\/wp-json\/wp\/v2\/pages"}],"about":[{"href":"https:\/\/web.infn.it\/RadioLAB\/wp-json\/wp\/v2\/types\/page"}],"author":[{"embeddable":true,"href":"https:\/\/web.infn.it\/RadioLAB\/wp-json\/wp\/v2\/users\/2"}],"replies":[{"embeddable":true,"href":"https:\/\/web.infn.it\/RadioLAB\/wp-json\/wp\/v2\/comments?post=376"}],"version-history":[{"count":7,"href":"https:\/\/web.infn.it\/RadioLAB\/wp-json\/wp\/v2\/pages\/376\/revisions"}],"predecessor-version":[{"id":2551,"href":"https:\/\/web.infn.it\/RadioLAB\/wp-json\/wp\/v2\/pages\/376\/revisions\/2551"}],"up":[{"embeddable":true,"href":"https:\/\/web.infn.it\/RadioLAB\/wp-json\/wp\/v2\/pages\/405"}],"wp:featuredmedia":[{"embeddable":true,"href":"https:\/\/web.infn.it\/RadioLAB\/wp-json\/wp\/v2\/media\/2301"}],"wp:attachment":[{"href":"https:\/\/web.infn.it\/RadioLAB\/wp-json\/wp\/v2\/media?parent=376"}],"curies":[{"name":"wp","href":"https:\/\/api.w.org\/{rel}","templated":true}]}}