{"id":377,"date":"2020-05-16T23:47:17","date_gmt":"2020-05-16T21:47:17","guid":{"rendered":"https:\/\/web.infn.it\/RadioLAB\/?page_id=377"},"modified":"2024-01-03T12:33:33","modified_gmt":"2024-01-03T11:33:33","slug":"milano","status":"publish","type":"page","link":"https:\/\/web.infn.it\/RadioLAB\/le-sezioni\/milano\/","title":{"rendered":"Milano"},"content":{"rendered":"\n<p><strong>Responsabile locale: &nbsp;Flavia Groppi<\/strong><\/p>\n\n\n\n<p><strong>Partecipanti:&nbsp;<\/strong>Anna<strong>&nbsp;<\/strong>Bazzocchi,&nbsp;Fiorella Cagnetta<\/p>\n\n\n\n<p>Solo negli ultimi tre anni&nbsp;sono state coinvolte&nbsp;12&nbsp;scuole per un totale di circa&nbsp;250&nbsp;studenti. Particolarmente attivi il LS Gandini di Lodi (vincitore di diversi premi) ,&nbsp;ITIS Mattei di San Donato Milanese, IIS Curie Sraffa di Milano,&nbsp;LS&nbsp;Ballerini di Seregno.<\/p>\n\n\n\n<p>Le attivit\u00e0 sono in corso secondo lo standard RadioLab.<\/p>\n\n\n\n<p>Grazie alla sezione di Milano RadioLab \u00e8 stato esportato anche in Albania, per il tramite del prof. Maggioli ex docente del LS Gandini.<\/p>\n\n\n\n<p>La sezione di Milano si \u00e8 proposta per l\u2019organizzazione della RadioLab Summer School 2018 a Macugnaga.<\/p>\n\n\n\n<p><em><strong>Contatti: <a href=\"mailto: RadioLab.mi@mi.infn.it\" title=\"RadioLab.mi@mi.infn.it&nbsp;\">RadioLab.mi@mi.infn.it<\/a><\/strong><\/em><\/p>\n\n\n\n<div style=\"height:20px\" aria-hidden=\"true\" class=\"wp-block-spacer\"><\/div>\n\n\n\n<p class=\"has-text-align-center\">Vorresti far parte del progetto? Compila il seguente&nbsp;<strong><a href=\"https:\/\/docs.google.com\/forms\/d\/e\/1FAIpQLSfZg_RswoYmPkbQdPiODBXsb_k4fqFHVBRUoyuaGW7EduWq0w\/viewform\" target=\"_blank\" rel=\"noopener\" title=\"\">MODULO<\/a><\/strong><\/p>\n\n\n\n<div class=\"wp-block-group\"><div class=\"wp-block-group__inner-container is-layout-constrained wp-block-group-is-layout-constrained\">\n<div style=\"height:100px\" aria-hidden=\"true\" class=\"wp-block-spacer\"><\/div>\n\n\n\n<h3 class=\"wp-block-heading has-text-align-right\"><mark style=\"background-color:rgba(0, 0, 0, 0);color:#ff8a00\" class=\"has-inline-color\">I NOSTRI ULTIMI EVENTI<\/mark><\/h3>\n\n\n\n<div style=\"height:10px\" aria-hidden=\"true\" class=\"wp-block-spacer\"><\/div>\n<\/div><\/div>\n\n\n<div class=\"wp-block-themeisle-blocks-posts-grid\" id=\"wp-block-themeisle-blocks-posts-grid-df29e41f\"><div class=\"is-list\"><div class=\"o-posts-grid-post-blog o-posts-grid-post-plain\"><div class=\"o-posts-grid-post\"><div class=\"o-posts-grid-post-body is-full\"><h4 class=\"o-posts-grid-post-title\"><a href=\"https:\/\/web.infn.it\/RadioLAB\/la-notte-della-ricerca-2023\/\">La notte della Ricerca 2023<\/a><\/h4><p class=\"o-posts-grid-post-meta\">Posted on <time datetime=\"2023-11-06T04:57:13+01:00\">6 Novembre 2023<\/time> <\/p><div class=\"o-posts-grid-post-description\"><p>Radiolab Milano \u2013 la radioattivit\u00e0: dalle banane alla medicina nucleare Come ogni anno l&#8217;ultim\u2026<\/p><a class=\"o-posts-read-more\" href=\"https:\/\/web.infn.it\/RadioLAB\/la-notte-della-ricerca-2023\/\">Read More<\/a><\/div><\/div><\/div><\/div><div class=\"o-posts-grid-post-blog o-posts-grid-post-plain\"><div class=\"o-posts-grid-post\"><div class=\"o-posts-grid-post-image\"><a href=\"https:\/\/web.infn.it\/RadioLAB\/progetto-radiolab-in-albania\/\"><img loading=\"lazy\" decoding=\"async\" width=\"300\" height=\"170\" src=\"https:\/\/web.infn.it\/RadioLAB\/wp-content\/uploads\/2021\/07\/Pubblicazione_Tirana-copia_2-300x170.jpg\" class=\"attachment-medium size-medium\" alt=\"Progetto RADIOLAB in Albania\" srcset=\"https:\/\/web.infn.it\/RadioLAB\/wp-content\/uploads\/2021\/07\/Pubblicazione_Tirana-copia_2-300x170.jpg 300w, https:\/\/web.infn.it\/RadioLAB\/wp-content\/uploads\/2021\/07\/Pubblicazione_Tirana-copia_2-1024x580.jpg 1024w, https:\/\/web.infn.it\/RadioLAB\/wp-content\/uploads\/2021\/07\/Pubblicazione_Tirana-copia_2-768x435.jpg 768w, https:\/\/web.infn.it\/RadioLAB\/wp-content\/uploads\/2021\/07\/Pubblicazione_Tirana-copia_2-1536x871.jpg 1536w, https:\/\/web.infn.it\/RadioLAB\/wp-content\/uploads\/2021\/07\/Pubblicazione_Tirana-copia_2.jpg 1618w\" sizes=\"(max-width: 300px) 100vw, 300px\" \/><\/a><\/div><div class=\"o-posts-grid-post-body\"><h4 class=\"o-posts-grid-post-title\"><a href=\"https:\/\/web.infn.it\/RadioLAB\/progetto-radiolab-in-albania\/\">Progetto RADIOLAB in Albania<\/a><\/h4><p class=\"o-posts-grid-post-meta\">Posted on <time datetime=\"2021-07-13T22:59:40+02:00\">13 Luglio 2021<\/time> <\/p><div class=\"o-posts-grid-post-description\"><p>L&#8217;Ambasciata d&#8217;Italia a Tirana ha pubblicato il lavoro svolto dagli studenti della sezio\u2026<\/p><a class=\"o-posts-read-more\" href=\"https:\/\/web.infn.it\/RadioLAB\/progetto-radiolab-in-albania\/\">Read More<\/a><\/div><\/div><\/div><\/div><div class=\"o-posts-grid-post-blog o-posts-grid-post-plain\"><div class=\"o-posts-grid-post\"><div class=\"o-posts-grid-post-image\"><a href=\"https:\/\/web.infn.it\/RadioLAB\/radioattivita-questa-sconosciuta-evento-notte-europea-ricercatori-2020\/\"><img loading=\"lazy\" decoding=\"async\" width=\"300\" height=\"157\" src=\"https:\/\/web.infn.it\/RadioLAB\/wp-content\/uploads\/2020\/11\/notte-ricercatore-Fb-03_mod-300x157.jpg\" class=\"attachment-medium size-medium\" alt=\"&#8220;Radioattivit\u00e0: questa sconosciuta! Una chiacchierata con l&#8217;esperto&#8221; &#8211; EVENTO LIVE alla Notte Europea dei Ricercatori\" srcset=\"https:\/\/web.infn.it\/RadioLAB\/wp-content\/uploads\/2020\/11\/notte-ricercatore-Fb-03_mod-300x157.jpg 300w, https:\/\/web.infn.it\/RadioLAB\/wp-content\/uploads\/2020\/11\/notte-ricercatore-Fb-03_mod-1024x536.jpg 1024w, https:\/\/web.infn.it\/RadioLAB\/wp-content\/uploads\/2020\/11\/notte-ricercatore-Fb-03_mod-768x402.jpg 768w, https:\/\/web.infn.it\/RadioLAB\/wp-content\/uploads\/2020\/11\/notte-ricercatore-Fb-03_mod.jpg 1200w\" sizes=\"(max-width: 300px) 100vw, 300px\" \/><\/a><\/div><div class=\"o-posts-grid-post-body\"><h4 class=\"o-posts-grid-post-title\"><a href=\"https:\/\/web.infn.it\/RadioLAB\/radioattivita-questa-sconosciuta-evento-notte-europea-ricercatori-2020\/\">&#8220;Radioattivit\u00e0: questa sconosciuta! Una chiacchierata con l&#8217;esperto&#8221; &#8211; EVENTO LIVE alla Notte Europea dei Ricercatori<\/a><\/h4><p class=\"o-posts-grid-post-meta\">Posted on <time datetime=\"2020-11-26T14:27:52+01:00\">26 Novembre 2020<\/time> <\/p><div class=\"o-posts-grid-post-description\"><p>La radioattivit\u00e0 \u00e8 considerata un argomento tab\u00f9 da molte persone, che la temono e attribuscono ad e\u2026<\/p><a class=\"o-posts-read-more\" href=\"https:\/\/web.infn.it\/RadioLAB\/radioattivita-questa-sconosciuta-evento-notte-europea-ricercatori-2020\/\">Read More<\/a><\/div><\/div><\/div><\/div><div class=\"o-posts-grid-post-blog o-posts-grid-post-plain\"><div class=\"o-posts-grid-post\"><div class=\"o-posts-grid-post-image\"><a href=\"https:\/\/web.infn.it\/RadioLAB\/european-radonday-2020-milano\/\"><img loading=\"lazy\" decoding=\"async\" width=\"300\" height=\"116\" src=\"https:\/\/web.infn.it\/RadioLAB\/wp-content\/uploads\/2020\/11\/img_copertina-1-300x116.png\" class=\"attachment-medium size-medium\" alt=\"European RadonDay 2020 Milano \u2013 EVENTO ONLINE\" srcset=\"https:\/\/web.infn.it\/RadioLAB\/wp-content\/uploads\/2020\/11\/img_copertina-1-300x116.png 300w, https:\/\/web.infn.it\/RadioLAB\/wp-content\/uploads\/2020\/11\/img_copertina-1-1024x394.png 1024w, https:\/\/web.infn.it\/RadioLAB\/wp-content\/uploads\/2020\/11\/img_copertina-1-768x296.png 768w, https:\/\/web.infn.it\/RadioLAB\/wp-content\/uploads\/2020\/11\/img_copertina-1-1536x591.png 1536w, https:\/\/web.infn.it\/RadioLAB\/wp-content\/uploads\/2020\/11\/img_copertina-1-2048x788.png 2048w, https:\/\/web.infn.it\/RadioLAB\/wp-content\/uploads\/2020\/11\/img_copertina-1-1920x739.png 1920w\" sizes=\"(max-width: 300px) 100vw, 300px\" \/><\/a><\/div><div class=\"o-posts-grid-post-body\"><h4 class=\"o-posts-grid-post-title\"><a href=\"https:\/\/web.infn.it\/RadioLAB\/european-radonday-2020-milano\/\">European RadonDay 2020 Milano \u2013 EVENTO ONLINE<\/a><\/h4><p class=\"o-posts-grid-post-meta\">Posted on <time datetime=\"2020-11-02T20:23:39+01:00\">2 Novembre 2020<\/time> <\/p><div class=\"o-posts-grid-post-description\"><p>Non si pu\u00f2 mancare un appuntamento cos\u00ec importante come l\u2019anniversario del compleanno di Marie Sklod\u2026<\/p><a class=\"o-posts-read-more\" href=\"https:\/\/web.infn.it\/RadioLAB\/european-radonday-2020-milano\/\">Read More<\/a><\/div><\/div><\/div><\/div><div class=\"o-posts-grid-post-blog o-posts-grid-post-plain\"><div class=\"o-posts-grid-post\"><div class=\"o-posts-grid-post-image\"><a href=\"https:\/\/web.infn.it\/RadioLAB\/784-2\/\"><img loading=\"lazy\" decoding=\"async\" width=\"300\" height=\"141\" src=\"https:\/\/web.infn.it\/RadioLAB\/wp-content\/uploads\/2020\/11\/05_RadonDay-Programma2019-fin_MI_1-copia-300x141.jpg\" class=\"attachment-medium size-medium\" alt=\"European RadonDay 2019 &#8211; 7 novembre 2019\" srcset=\"https:\/\/web.infn.it\/RadioLAB\/wp-content\/uploads\/2020\/11\/05_RadonDay-Programma2019-fin_MI_1-copia-300x141.jpg 300w, https:\/\/web.infn.it\/RadioLAB\/wp-content\/uploads\/2020\/11\/05_RadonDay-Programma2019-fin_MI_1-copia-1024x482.jpg 1024w, https:\/\/web.infn.it\/RadioLAB\/wp-content\/uploads\/2020\/11\/05_RadonDay-Programma2019-fin_MI_1-copia-768x361.jpg 768w, https:\/\/web.infn.it\/RadioLAB\/wp-content\/uploads\/2020\/11\/05_RadonDay-Programma2019-fin_MI_1-copia.jpg 1500w\" sizes=\"(max-width: 300px) 100vw, 300px\" \/><\/a><\/div><div class=\"o-posts-grid-post-body\"><h4 class=\"o-posts-grid-post-title\"><a href=\"https:\/\/web.infn.it\/RadioLAB\/784-2\/\">European RadonDay 2019 &#8211; 7 novembre 2019<\/a><\/h4><p class=\"o-posts-grid-post-meta\">Posted on <time datetime=\"2020-11-02T20:21:03+01:00\">2 Novembre 2020<\/time> <\/p><div class=\"o-posts-grid-post-description\"><p>&nbsp; Quest&#8217;anno per Milano coincide anche con l&#8217;evento conclusivo dell&#8217;anno e mo\u2026<\/p><a class=\"o-posts-read-more\" href=\"https:\/\/web.infn.it\/RadioLAB\/784-2\/\">Read More<\/a><\/div><\/div><\/div><\/div><div class=\"o-posts-grid-post-blog o-posts-grid-post-plain\"><div class=\"o-posts-grid-post\"><div class=\"o-posts-grid-post-image\"><a href=\"https:\/\/web.infn.it\/RadioLAB\/festival-della-scienza-a-nizza-monferrato-4-maggio-2019\/\"><img loading=\"lazy\" decoding=\"async\" width=\"300\" height=\"133\" src=\"https:\/\/web.infn.it\/RadioLAB\/wp-content\/uploads\/2020\/11\/04_locandina_Scienza_in_Nizza-copia-300x133.jpg\" class=\"attachment-medium size-medium\" alt=\"Festival della Scienza a Nizza Monferrato &#8211; 4 maggio 2019\" srcset=\"https:\/\/web.infn.it\/RadioLAB\/wp-content\/uploads\/2020\/11\/04_locandina_Scienza_in_Nizza-copia-300x133.jpg 300w, https:\/\/web.infn.it\/RadioLAB\/wp-content\/uploads\/2020\/11\/04_locandina_Scienza_in_Nizza-copia-768x340.jpg 768w, https:\/\/web.infn.it\/RadioLAB\/wp-content\/uploads\/2020\/11\/04_locandina_Scienza_in_Nizza-copia.jpg 866w\" sizes=\"(max-width: 300px) 100vw, 300px\" \/><\/a><\/div><div class=\"o-posts-grid-post-body\"><h4 class=\"o-posts-grid-post-title\"><a href=\"https:\/\/web.infn.it\/RadioLAB\/festival-della-scienza-a-nizza-monferrato-4-maggio-2019\/\">Festival della Scienza a Nizza Monferrato &#8211; 4 maggio 2019<\/a><\/h4><p class=\"o-posts-grid-post-meta\">Posted on <time datetime=\"2020-11-02T20:18:21+01:00\">2 Novembre 2020<\/time> <\/p><div class=\"o-posts-grid-post-description\"><p>RADIOLAB sar\u00e0 presente al Festival della Scienza a Nizza Monferrato il 4 maggio 2019. L&#8217;evento\u2026<\/p><a class=\"o-posts-read-more\" href=\"https:\/\/web.infn.it\/RadioLAB\/festival-della-scienza-a-nizza-monferrato-4-maggio-2019\/\">Read More<\/a><\/div><\/div><\/div><\/div><div class=\"o-posts-grid-post-blog o-posts-grid-post-plain\"><div class=\"o-posts-grid-post\"><div class=\"o-posts-grid-post-body is-full\"><h4 class=\"o-posts-grid-post-title\"><a href=\"https:\/\/web.infn.it\/RadioLAB\/competizione-a-beamline-for-school-be-a-scientist\/\">Competizione &#8220;A Beamline for School &#8211; Be a Scientist&#8221;<\/a><\/h4><p class=\"o-posts-grid-post-meta\">Posted on <time datetime=\"2020-11-02T20:16:43+01:00\">2 Novembre 2020<\/time> <\/p><div class=\"o-posts-grid-post-description\"><p>Gli studenti del Liceo di Kor\u00e7a, Albania con il loro Prof. Paolo Maggioli hanno sottomesso la loro c\u2026<\/p><a class=\"o-posts-read-more\" href=\"https:\/\/web.infn.it\/RadioLAB\/competizione-a-beamline-for-school-be-a-scientist\/\">Read More<\/a><\/div><\/div><\/div><\/div><div class=\"o-posts-grid-post-blog o-posts-grid-post-plain\"><div class=\"o-posts-grid-post\"><div class=\"o-posts-grid-post-image\"><a href=\"https:\/\/web.infn.it\/RadioLAB\/al-via-la-mostra-permanente-marie-curie-14-dicembre-2018\/\"><img loading=\"lazy\" decoding=\"async\" width=\"300\" height=\"107\" src=\"https:\/\/web.infn.it\/RadioLAB\/wp-content\/uploads\/2020\/11\/cartellone-titolo-80x200-1-300x107.jpg\" class=\"attachment-medium size-medium\" alt=\"Al via la mostra permanente &#8220;Marie Curie&#8221; &#8211; 14 dicembre 2018\" srcset=\"https:\/\/web.infn.it\/RadioLAB\/wp-content\/uploads\/2020\/11\/cartellone-titolo-80x200-1-300x107.jpg 300w, https:\/\/web.infn.it\/RadioLAB\/wp-content\/uploads\/2020\/11\/cartellone-titolo-80x200-1-1024x366.jpg 1024w, https:\/\/web.infn.it\/RadioLAB\/wp-content\/uploads\/2020\/11\/cartellone-titolo-80x200-1-768x274.jpg 768w, https:\/\/web.infn.it\/RadioLAB\/wp-content\/uploads\/2020\/11\/cartellone-titolo-80x200-1-1536x548.jpg 1536w, https:\/\/web.infn.it\/RadioLAB\/wp-content\/uploads\/2020\/11\/cartellone-titolo-80x200-1-2048x731.jpg 2048w, https:\/\/web.infn.it\/RadioLAB\/wp-content\/uploads\/2020\/11\/cartellone-titolo-80x200-1-1920x685.jpg 1920w\" sizes=\"(max-width: 300px) 100vw, 300px\" \/><\/a><\/div><div class=\"o-posts-grid-post-body\"><h4 class=\"o-posts-grid-post-title\"><a href=\"https:\/\/web.infn.it\/RadioLAB\/al-via-la-mostra-permanente-marie-curie-14-dicembre-2018\/\">Al via la mostra permanente &#8220;Marie Curie&#8221; &#8211; 14 dicembre 2018<\/a><\/h4><p class=\"o-posts-grid-post-meta\">Posted on <time datetime=\"2020-11-02T19:54:16+01:00\">2 Novembre 2020<\/time> <\/p><div class=\"o-posts-grid-post-description\"><p>Il 14 dicembre 2018 gli studenti del Liceo Curie Sraffa di Milano che partecipano al progetto RADIOL\u2026<\/p><a class=\"o-posts-read-more\" href=\"https:\/\/web.infn.it\/RadioLAB\/al-via-la-mostra-permanente-marie-curie-14-dicembre-2018\/\">Read More<\/a><\/div><\/div><\/div><\/div><div class=\"o-posts-grid-post-blog o-posts-grid-post-plain\"><div class=\"o-posts-grid-post\"><div class=\"o-posts-grid-post-image\"><a href=\"https:\/\/web.infn.it\/RadioLAB\/765-2\/\"><img loading=\"lazy\" decoding=\"async\" width=\"300\" height=\"174\" src=\"https:\/\/web.infn.it\/RadioLAB\/wp-content\/uploads\/2020\/11\/01_RadonDay-Programma2018-fin_MI-copia-300x174.jpg\" class=\"attachment-medium size-medium\" alt=\"RadonDay 2018 &#8211; 7 novembre 2018\" srcset=\"https:\/\/web.infn.it\/RadioLAB\/wp-content\/uploads\/2020\/11\/01_RadonDay-Programma2018-fin_MI-copia-300x174.jpg 300w, https:\/\/web.infn.it\/RadioLAB\/wp-content\/uploads\/2020\/11\/01_RadonDay-Programma2018-fin_MI-copia-1024x594.jpg 1024w, https:\/\/web.infn.it\/RadioLAB\/wp-content\/uploads\/2020\/11\/01_RadonDay-Programma2018-fin_MI-copia-768x445.jpg 768w, https:\/\/web.infn.it\/RadioLAB\/wp-content\/uploads\/2020\/11\/01_RadonDay-Programma2018-fin_MI-copia.jpg 1500w\" sizes=\"(max-width: 300px) 100vw, 300px\" \/><\/a><\/div><div class=\"o-posts-grid-post-body\"><h4 class=\"o-posts-grid-post-title\"><a href=\"https:\/\/web.infn.it\/RadioLAB\/765-2\/\">RadonDay 2018 &#8211; 7 novembre 2018<\/a><\/h4><p class=\"o-posts-grid-post-meta\">Posted on <time datetime=\"2020-11-02T19:51:54+01:00\">2 Novembre 2020<\/time> <\/p><div class=\"o-posts-grid-post-description\"><p>L&#8217;evento ha visto la partecipazione delle scuole come indicato nella locandina con gli student\u2026<\/p><a class=\"o-posts-read-more\" href=\"https:\/\/web.infn.it\/RadioLAB\/765-2\/\">Read More<\/a><\/div><\/div><\/div><\/div><\/div> <\/div>\n\n\n<div class=\"wp-block-group\"><div class=\"wp-block-group__inner-container is-layout-constrained wp-block-group-is-layout-constrained\">\n<div style=\"height:50px\" aria-hidden=\"true\" class=\"wp-block-spacer\"><\/div>\n\n\n\n<figure class=\"wp-block-pullquote has-medium-font-size\"><blockquote><p>Niente nella vita va temuto, dev\u2019essere solamente compreso.<\/p><cite><code>Marie Curie<\/code><\/cite><\/blockquote><\/figure>\n\n\n\n<div style=\"height:50px\" aria-hidden=\"true\" class=\"wp-block-spacer\"><\/div>\n<\/div><\/div>\n","protected":false},"excerpt":{"rendered":"<p>Responsabile locale: &nbsp;Flavia Groppi Partecipanti:&nbsp;Anna&nbsp;Bazzocchi,&nbsp;Fiorella Cagnetta Solo negli ultimi tre anni&nbsp;sono state coinvolte&nbsp;12&nbsp;scuole per un totale di circa&nbsp;250&nbsp;studenti. Particolarmente attivi il LS Gandini di Lodi (vincitore di diversi premi) ,&nbsp;ITIS Mattei di San Donato Milanese, IIS Curie Sraffa di Milano,&nbsp;LS&nbsp;Ballerini di Seregno. Le attivit\u00e0 sono in corso secondo lo standard [&hellip;]<\/p>\n","protected":false},"author":2,"featured_media":2306,"parent":405,"menu_order":0,"comment_status":"closed","ping_status":"closed","template":"","meta":{"om_disable_all_campaigns":false,"_themeisle_gutenberg_block_has_review":false,"footnotes":""},"class_list":["post-377","page","type-page","status-publish","has-post-thumbnail","hentry"],"_links":{"self":[{"href":"https:\/\/web.infn.it\/RadioLAB\/wp-json\/wp\/v2\/pages\/377","targetHints":{"allow":["GET"]}}],"collection":[{"href":"https:\/\/web.infn.it\/RadioLAB\/wp-json\/wp\/v2\/pages"}],"about":[{"href":"https:\/\/web.infn.it\/RadioLAB\/wp-json\/wp\/v2\/types\/page"}],"author":[{"embeddable":true,"href":"https:\/\/web.infn.it\/RadioLAB\/wp-json\/wp\/v2\/users\/2"}],"replies":[{"embeddable":true,"href":"https:\/\/web.infn.it\/RadioLAB\/wp-json\/wp\/v2\/comments?post=377"}],"version-history":[{"count":13,"href":"https:\/\/web.infn.it\/RadioLAB\/wp-json\/wp\/v2\/pages\/377\/revisions"}],"predecessor-version":[{"id":2563,"href":"https:\/\/web.infn.it\/RadioLAB\/wp-json\/wp\/v2\/pages\/377\/revisions\/2563"}],"up":[{"embeddable":true,"href":"https:\/\/web.infn.it\/RadioLAB\/wp-json\/wp\/v2\/pages\/405"}],"wp:featuredmedia":[{"embeddable":true,"href":"https:\/\/web.infn.it\/RadioLAB\/wp-json\/wp\/v2\/media\/2306"}],"wp:attachment":[{"href":"https:\/\/web.infn.it\/RadioLAB\/wp-json\/wp\/v2\/media?parent=377"}],"curies":[{"name":"wp","href":"https:\/\/api.w.org\/{rel}","templated":true}]}}