{"id":378,"date":"2020-05-16T23:47:17","date_gmt":"2020-05-16T21:47:17","guid":{"rendered":"https:\/\/web.infn.it\/RadioLAB\/?page_id=378"},"modified":"2024-01-03T12:04:45","modified_gmt":"2024-01-03T11:04:45","slug":"napoli","status":"publish","type":"page","link":"https:\/\/web.infn.it\/RadioLAB\/le-sezioni\/napoli\/","title":{"rendered":"Napoli"},"content":{"rendered":"\n<p><strong>Responsabile locale: &nbsp;Mariagabriella Pugliese&nbsp;<\/strong><\/p>\n\n\n\n<p><strong>Partecipanti:&nbsp;<\/strong>Giuseppe La Verde, Emilio Balzano, Carlo Sabbarese<\/p>\n\n\n\n<p>Nel 2017\/18 sono state coinvolte&nbsp; tre scuole: il Liceo Scientifico \u201cG. Salvemini\u201d di Sorrento, il Liceo Statale di Ischia e l\u2019 I.T.I.A. \u201cPacinotti\u201d di Scafati, per un totale di circa 150 studenti.<\/p>\n\n\n\n<p>Il progetto RadioLab \u00e8 stato presentato all&#8217;Open Day al Liceo Salvemini di Sorrento nel 2014.&nbsp; &nbsp;<\/p>\n\n\n\n<p>Ad oggi, si collabora sia con i docenti per integrare i programmi scolastici con le informazioni che riguardano RadioLab, sia con gli studenti svolgendo dei seminari di approfondimento sulla tematica e successivamente attivit\u00e0 di indagine e dissemination.<\/p>\n\n\n\n<p>Attraverso il format ufficiale del questionario, si stanno raccogliendo dati per valutare il grado di informazione della popolazione sul problema del radon, si proceder\u00e0 con un\u2019analisi di confronto tra i risultati ottenuti nelle citt\u00e0 in cui il progetto Radon \u00e8 in corso da anni nelle scuole e quelli in cui \u00e8 appena iniziato o in cui nulla \u00e8 stato fatto ancora. Questo per valutare l&#8217;efficacia del progetto ed avere una misura della percezione del rischio radon sul territorio di appartenenza.<\/p>\n\n\n\n<p>Le scuole al momento coinvolte sono:<\/p>\n\n\n\n<p>Liceo Statale Di Ischia<\/p>\n\n\n\n<p>I.T.I.A. Pacinotti, Scafati<\/p>\n\n\n\n<p>Nell\u2019anno scolastico 2018-2019 \u00e8 prevista un\u2019attivit\u00e0 di dissemination pi\u00f9 intensa poich\u00e9, oltre all\u2019attivit\u00e0 prevista dal progetto RadioLab, si aggiunger\u00e0 la partecipazione del Liceo Statale Di Ischia alla Giornata Europea Del Radon che si terr\u00e0 il 7 novembre 2018 a Ischia.<\/p>\n\n\n\n<p><strong><em>Contatti:&nbsp;<strong><a href=\"mailto:pugliese@na.infn.it\">pugliese@na.infn.it<\/a><\/strong><\/em><\/strong><\/p>\n\n\n\n<p><strong><em>&nbsp; &nbsp; &nbsp; &nbsp; &nbsp; &nbsp; &nbsp; &nbsp;&nbsp;<strong><a href=\"mailto:radiolab@na.infn.it\">radiolab@na.infn.it<\/a><\/strong>&nbsp;<\/em><\/strong><\/p>\n\n\n\n<div style=\"height:20px\" aria-hidden=\"true\" class=\"wp-block-spacer\"><\/div>\n\n\n\n<p class=\"has-text-align-center\">Vorresti far parte del progetto? Compila il seguente\u00a0<strong><a href=\"https:\/\/docs.google.com\/forms\/d\/e\/1FAIpQLSfZg_RswoYmPkbQdPiODBXsb_k4fqFHVBRUoyuaGW7EduWq0w\/viewform\" target=\"_blank\" rel=\"noopener\" title=\"\">MODULO<\/a><\/strong><\/p>\n\n\n\n<div class=\"wp-block-group\"><div class=\"wp-block-group__inner-container is-layout-constrained wp-block-group-is-layout-constrained\">\n<div style=\"height:100px\" aria-hidden=\"true\" class=\"wp-block-spacer\"><\/div>\n\n\n\n<h3 class=\"wp-block-heading has-text-align-right\"><mark style=\"background-color:rgba(0, 0, 0, 0);color:#ff8a00\" class=\"has-inline-color\">I NOSTRI ULTIMI EVENTI<\/mark><\/h3>\n\n\n\n<div style=\"height:10px\" aria-hidden=\"true\" class=\"wp-block-spacer\"><\/div>\n<\/div><\/div>\n\n\n<div class=\"wp-block-themeisle-blocks-posts-grid\" id=\"wp-block-themeisle-blocks-posts-grid-5ad01844\"><div class=\"is-list\"><div class=\"o-posts-grid-post-blog o-posts-grid-post-plain\"><div class=\"o-posts-grid-post\"><div class=\"o-posts-grid-post-image\"><a href=\"https:\/\/web.infn.it\/RadioLAB\/il-tufo-e-il-radon-futuro-remoto-2020\/\"><img loading=\"lazy\" decoding=\"async\" width=\"300\" height=\"169\" src=\"https:\/\/web.infn.it\/RadioLAB\/wp-content\/uploads\/2020\/11\/Schermata-2020-11-22-alle-15.25.01-300x169.png\" class=\"attachment-medium size-medium\" alt=\"&#8220;Il tufo e il radon&#8221; &#8211; Futuro Remoto 2020\" srcset=\"https:\/\/web.infn.it\/RadioLAB\/wp-content\/uploads\/2020\/11\/Schermata-2020-11-22-alle-15.25.01-300x169.png 300w, https:\/\/web.infn.it\/RadioLAB\/wp-content\/uploads\/2020\/11\/Schermata-2020-11-22-alle-15.25.01-1024x575.png 1024w, https:\/\/web.infn.it\/RadioLAB\/wp-content\/uploads\/2020\/11\/Schermata-2020-11-22-alle-15.25.01-768x431.png 768w, https:\/\/web.infn.it\/RadioLAB\/wp-content\/uploads\/2020\/11\/Schermata-2020-11-22-alle-15.25.01.png 1440w\" sizes=\"(max-width: 300px) 100vw, 300px\" \/><\/a><\/div><div class=\"o-posts-grid-post-body\"><h4 class=\"o-posts-grid-post-title\"><a href=\"https:\/\/web.infn.it\/RadioLAB\/il-tufo-e-il-radon-futuro-remoto-2020\/\">&#8220;Il tufo e il radon&#8221; &#8211; Futuro Remoto 2020<\/a><\/h4><p class=\"o-posts-grid-post-meta\">Posted on <time datetime=\"2020-11-22T15:29:36+01:00\">22 Novembre 2020<\/time> <\/p><div class=\"o-posts-grid-post-description\"><p>Vi presentiamo un&nbsp;video sul radon che presentiamo a Futuro Remoto che si terr\u00e0 a Napoli dal 20&amp;\u2026<\/p><a class=\"o-posts-read-more\" href=\"https:\/\/web.infn.it\/RadioLAB\/il-tufo-e-il-radon-futuro-remoto-2020\/\">Read More<\/a><\/div><\/div><\/div><\/div><div class=\"o-posts-grid-post-blog o-posts-grid-post-plain\"><div class=\"o-posts-grid-post\"><div class=\"o-posts-grid-post-image\"><a href=\"https:\/\/web.infn.it\/RadioLAB\/european-radon-day-2020-ischia\/\"><img loading=\"lazy\" decoding=\"async\" width=\"300\" height=\"169\" src=\"https:\/\/web.infn.it\/RadioLAB\/wp-content\/uploads\/2020\/11\/radiolab_2020_european_radon_day_mod-300x169.png\" class=\"attachment-medium size-medium\" alt=\"European Radon Day 2020 &#8211; Ischia\" srcset=\"https:\/\/web.infn.it\/RadioLAB\/wp-content\/uploads\/2020\/11\/radiolab_2020_european_radon_day_mod-300x169.png 300w, https:\/\/web.infn.it\/RadioLAB\/wp-content\/uploads\/2020\/11\/radiolab_2020_european_radon_day_mod-1024x576.png 1024w, https:\/\/web.infn.it\/RadioLAB\/wp-content\/uploads\/2020\/11\/radiolab_2020_european_radon_day_mod-768x432.png 768w, https:\/\/web.infn.it\/RadioLAB\/wp-content\/uploads\/2020\/11\/radiolab_2020_european_radon_day_mod.png 1280w\" sizes=\"(max-width: 300px) 100vw, 300px\" \/><\/a><\/div><div class=\"o-posts-grid-post-body\"><h4 class=\"o-posts-grid-post-title\"><a href=\"https:\/\/web.infn.it\/RadioLAB\/european-radon-day-2020-ischia\/\">European Radon Day 2020 &#8211; Ischia<\/a><\/h4><p class=\"o-posts-grid-post-meta\">Posted on <time datetime=\"2020-11-22T15:15:25+01:00\">22 Novembre 2020<\/time> <\/p><div class=\"o-posts-grid-post-description\"><p><\/p><a class=\"o-posts-read-more\" href=\"https:\/\/web.infn.it\/RadioLAB\/european-radon-day-2020-ischia\/\">Read More<\/a><\/div><\/div><\/div><\/div><div class=\"o-posts-grid-post-blog o-posts-grid-post-plain\"><div class=\"o-posts-grid-post\"><div class=\"o-posts-grid-post-image\"><a href=\"https:\/\/web.infn.it\/RadioLAB\/tanti-auguri-marie\/\"><img loading=\"lazy\" decoding=\"async\" width=\"300\" height=\"208\" src=\"https:\/\/web.infn.it\/RadioLAB\/wp-content\/uploads\/2020\/11\/08_birthday_cut-300x208.jpg\" class=\"attachment-medium size-medium\" alt=\"Tanti auguri Marie!\" srcset=\"https:\/\/web.infn.it\/RadioLAB\/wp-content\/uploads\/2020\/11\/08_birthday_cut-300x208.jpg 300w, https:\/\/web.infn.it\/RadioLAB\/wp-content\/uploads\/2020\/11\/08_birthday_cut-768x532.jpg 768w, https:\/\/web.infn.it\/RadioLAB\/wp-content\/uploads\/2020\/11\/08_birthday_cut.jpg 1025w\" sizes=\"(max-width: 300px) 100vw, 300px\" \/><\/a><\/div><div class=\"o-posts-grid-post-body\"><h4 class=\"o-posts-grid-post-title\"><a href=\"https:\/\/web.infn.it\/RadioLAB\/tanti-auguri-marie\/\">Tanti auguri Marie!<\/a><\/h4><p class=\"o-posts-grid-post-meta\">Posted on <time datetime=\"2020-11-18T17:51:34+01:00\">18 Novembre 2020<\/time> <\/p><div class=\"o-posts-grid-post-description\"><p>GUARDA IL VIDEO:<\/p><a class=\"o-posts-read-more\" href=\"https:\/\/web.infn.it\/RadioLAB\/tanti-auguri-marie\/\">Read More<\/a><\/div><\/div><\/div><\/div><div class=\"o-posts-grid-post-blog o-posts-grid-post-plain\"><div class=\"o-posts-grid-post\"><div class=\"o-posts-grid-post-image\"><a href=\"https:\/\/web.infn.it\/RadioLAB\/buone-feste-2019\/\"><img loading=\"lazy\" decoding=\"async\" width=\"300\" height=\"266\" src=\"https:\/\/web.infn.it\/RadioLAB\/wp-content\/uploads\/2020\/11\/04_auguri-radiolab-300x266.png\" class=\"attachment-medium size-medium\" alt=\"Buone Feste! &#8211; 2019\" srcset=\"https:\/\/web.infn.it\/RadioLAB\/wp-content\/uploads\/2020\/11\/04_auguri-radiolab-300x266.png 300w, https:\/\/web.infn.it\/RadioLAB\/wp-content\/uploads\/2020\/11\/04_auguri-radiolab-768x681.png 768w, https:\/\/web.infn.it\/RadioLAB\/wp-content\/uploads\/2020\/11\/04_auguri-radiolab.png 829w\" sizes=\"(max-width: 300px) 100vw, 300px\" \/><\/a><\/div><div class=\"o-posts-grid-post-body\"><h4 class=\"o-posts-grid-post-title\"><a href=\"https:\/\/web.infn.it\/RadioLAB\/buone-feste-2019\/\">Buone Feste! &#8211; 2019<\/a><\/h4><p class=\"o-posts-grid-post-meta\">Posted on <time datetime=\"2020-11-18T17:48:40+01:00\">18 Novembre 2020<\/time> <\/p><div class=\"o-posts-grid-post-description\"><p><\/p><a class=\"o-posts-read-more\" href=\"https:\/\/web.infn.it\/RadioLAB\/buone-feste-2019\/\">Read More<\/a><\/div><\/div><\/div><\/div><div class=\"o-posts-grid-post-blog o-posts-grid-post-plain\"><div class=\"o-posts-grid-post\"><div class=\"o-posts-grid-post-image\"><a href=\"https:\/\/web.infn.it\/RadioLAB\/european-radon-day-2019\/\"><img loading=\"lazy\" decoding=\"async\" width=\"300\" height=\"225\" src=\"https:\/\/web.infn.it\/RadioLAB\/wp-content\/uploads\/2020\/11\/IMG_20191029_120625-300x225.jpg\" class=\"attachment-medium size-medium\" alt=\"European RadonDay 2019\" srcset=\"https:\/\/web.infn.it\/RadioLAB\/wp-content\/uploads\/2020\/11\/IMG_20191029_120625-300x225.jpg 300w, https:\/\/web.infn.it\/RadioLAB\/wp-content\/uploads\/2020\/11\/IMG_20191029_120625-1024x768.jpg 1024w, https:\/\/web.infn.it\/RadioLAB\/wp-content\/uploads\/2020\/11\/IMG_20191029_120625-768x576.jpg 768w, https:\/\/web.infn.it\/RadioLAB\/wp-content\/uploads\/2020\/11\/IMG_20191029_120625-1536x1152.jpg 1536w, https:\/\/web.infn.it\/RadioLAB\/wp-content\/uploads\/2020\/11\/IMG_20191029_120625-2048x1536.jpg 2048w, https:\/\/web.infn.it\/RadioLAB\/wp-content\/uploads\/2020\/11\/IMG_20191029_120625-1440x1080.jpg 1440w\" sizes=\"(max-width: 300px) 100vw, 300px\" \/><\/a><\/div><div class=\"o-posts-grid-post-body\"><h4 class=\"o-posts-grid-post-title\"><a href=\"https:\/\/web.infn.it\/RadioLAB\/european-radon-day-2019\/\">European RadonDay 2019<\/a><\/h4><p class=\"o-posts-grid-post-meta\">Posted on <time datetime=\"2020-11-16T17:07:09+01:00\">16 Novembre 2020<\/time> <\/p><div class=\"o-posts-grid-post-description\"><p>EUROPEAN RADON DAY 2019&nbsp; del Liceo di Ischia in un servizio del Tg3 Regionale del 05 novembre 2\u2026<\/p><a class=\"o-posts-read-more\" href=\"https:\/\/web.infn.it\/RadioLAB\/european-radon-day-2019\/\">Read More<\/a><\/div><\/div><\/div><\/div><div class=\"o-posts-grid-post-blog o-posts-grid-post-plain\"><div class=\"o-posts-grid-post\"><div class=\"o-posts-grid-post-image\"><a href=\"https:\/\/web.infn.it\/RadioLAB\/giornata-radon-ischia-27-maggio-2019\/\"><img loading=\"lazy\" decoding=\"async\" width=\"300\" height=\"225\" src=\"https:\/\/web.infn.it\/RadioLAB\/wp-content\/uploads\/2020\/11\/IMG-20190527-WA0103-300x225.jpg\" class=\"attachment-medium size-medium\" alt=\"Giornata Radon Ischia\u00a0&#8211; 27 Maggio 2019\" srcset=\"https:\/\/web.infn.it\/RadioLAB\/wp-content\/uploads\/2020\/11\/IMG-20190527-WA0103-300x225.jpg 300w, https:\/\/web.infn.it\/RadioLAB\/wp-content\/uploads\/2020\/11\/IMG-20190527-WA0103-1024x768.jpg 1024w, https:\/\/web.infn.it\/RadioLAB\/wp-content\/uploads\/2020\/11\/IMG-20190527-WA0103-768x576.jpg 768w, https:\/\/web.infn.it\/RadioLAB\/wp-content\/uploads\/2020\/11\/IMG-20190527-WA0103-1536x1152.jpg 1536w, https:\/\/web.infn.it\/RadioLAB\/wp-content\/uploads\/2020\/11\/IMG-20190527-WA0103-1440x1080.jpg 1440w, https:\/\/web.infn.it\/RadioLAB\/wp-content\/uploads\/2020\/11\/IMG-20190527-WA0103.jpg 1600w\" sizes=\"(max-width: 300px) 100vw, 300px\" \/><\/a><\/div><div class=\"o-posts-grid-post-body\"><h4 class=\"o-posts-grid-post-title\"><a href=\"https:\/\/web.infn.it\/RadioLAB\/giornata-radon-ischia-27-maggio-2019\/\">Giornata Radon Ischia\u00a0&#8211; 27 Maggio 2019<\/a><\/h4><p class=\"o-posts-grid-post-meta\">Posted on <time datetime=\"2020-11-16T17:05:22+01:00\">16 Novembre 2020<\/time> <\/p><div class=\"o-posts-grid-post-description\"><p>27 Maggio 2019 Nell&#8217;ambito del progetto RadioLab, al termine dell&#8217;anno scolastico, la se\u2026<\/p><a class=\"o-posts-read-more\" href=\"https:\/\/web.infn.it\/RadioLAB\/giornata-radon-ischia-27-maggio-2019\/\">Read More<\/a><\/div><\/div><\/div><\/div><div class=\"o-posts-grid-post-blog o-posts-grid-post-plain\"><div class=\"o-posts-grid-post\"><div class=\"o-posts-grid-post-image\"><a href=\"https:\/\/web.infn.it\/RadioLAB\/un-occhio-alla-radioattivita-a-futuro-remoto-2018\/\"><img loading=\"lazy\" decoding=\"async\" width=\"300\" height=\"122\" src=\"https:\/\/web.infn.it\/RadioLAB\/wp-content\/uploads\/2020\/11\/Immagine-300x122.png\" class=\"attachment-medium size-medium\" alt=\"&#8220;Un occhio alla radioattivit\u00e0&#8221; a Futuro Remoto 2018\" srcset=\"https:\/\/web.infn.it\/RadioLAB\/wp-content\/uploads\/2020\/11\/Immagine-300x122.png 300w, https:\/\/web.infn.it\/RadioLAB\/wp-content\/uploads\/2020\/11\/Immagine-1024x417.png 1024w, https:\/\/web.infn.it\/RadioLAB\/wp-content\/uploads\/2020\/11\/Immagine-768x313.png 768w, https:\/\/web.infn.it\/RadioLAB\/wp-content\/uploads\/2020\/11\/Immagine.png 1201w\" sizes=\"(max-width: 300px) 100vw, 300px\" \/><\/a><\/div><div class=\"o-posts-grid-post-body\"><h4 class=\"o-posts-grid-post-title\"><a href=\"https:\/\/web.infn.it\/RadioLAB\/un-occhio-alla-radioattivita-a-futuro-remoto-2018\/\">&#8220;Un occhio alla radioattivit\u00e0&#8221; a Futuro Remoto 2018<\/a><\/h4><p class=\"o-posts-grid-post-meta\">Posted on <time datetime=\"2020-11-16T17:04:16+01:00\">16 Novembre 2020<\/time> <\/p><div class=\"o-posts-grid-post-description\"><p>RadioLab nell&#8217;esperimento &#8220;Un occhio alla radioattivit\u00e0&#8221; a Futuro Remoto 2018 LO S\u2026<\/p><a class=\"o-posts-read-more\" href=\"https:\/\/web.infn.it\/RadioLAB\/un-occhio-alla-radioattivita-a-futuro-remoto-2018\/\">Read More<\/a><\/div><\/div><\/div><\/div><div class=\"o-posts-grid-post-blog o-posts-grid-post-plain\"><div class=\"o-posts-grid-post\"><div class=\"o-posts-grid-post-image\"><a href=\"https:\/\/web.infn.it\/RadioLAB\/radon-day-a-ischia-2018-1a-edizione\/\"><img loading=\"lazy\" decoding=\"async\" width=\"300\" height=\"135\" src=\"https:\/\/web.infn.it\/RadioLAB\/wp-content\/uploads\/2020\/11\/Foto-principale-in-grande--300x135.jpg\" class=\"attachment-medium size-medium\" alt=\"Radon Day a Ischia 2018 &#8211; 1a Edizione\" srcset=\"https:\/\/web.infn.it\/RadioLAB\/wp-content\/uploads\/2020\/11\/Foto-principale-in-grande--300x135.jpg 300w, https:\/\/web.infn.it\/RadioLAB\/wp-content\/uploads\/2020\/11\/Foto-principale-in-grande--1024x460.jpg 1024w, https:\/\/web.infn.it\/RadioLAB\/wp-content\/uploads\/2020\/11\/Foto-principale-in-grande--768x345.jpg 768w, https:\/\/web.infn.it\/RadioLAB\/wp-content\/uploads\/2020\/11\/Foto-principale-in-grande--1536x689.jpg 1536w, https:\/\/web.infn.it\/RadioLAB\/wp-content\/uploads\/2020\/11\/Foto-principale-in-grande--2048x919.jpg 2048w, https:\/\/web.infn.it\/RadioLAB\/wp-content\/uploads\/2020\/11\/Foto-principale-in-grande--1920x862.jpg 1920w\" sizes=\"(max-width: 300px) 100vw, 300px\" \/><\/a><\/div><div class=\"o-posts-grid-post-body\"><h4 class=\"o-posts-grid-post-title\"><a href=\"https:\/\/web.infn.it\/RadioLAB\/radon-day-a-ischia-2018-1a-edizione\/\">Radon Day a Ischia 2018 &#8211; 1a Edizione<\/a><\/h4><p class=\"o-posts-grid-post-meta\">Posted on <time datetime=\"2020-11-16T17:02:55+01:00\">16 Novembre 2020<\/time> <\/p><div class=\"o-posts-grid-post-description\"><p>La giornata europea del radon, svoltasi ad Ischia il 7 novembre 2018, \u00e8 stato un grande successo ed \u2026<\/p><a class=\"o-posts-read-more\" href=\"https:\/\/web.infn.it\/RadioLAB\/radon-day-a-ischia-2018-1a-edizione\/\">Read More<\/a><\/div><\/div><\/div><\/div><div class=\"o-posts-grid-post-blog o-posts-grid-post-plain\"><div class=\"o-posts-grid-post\"><div class=\"o-posts-grid-post-body is-full\"><h4 class=\"o-posts-grid-post-title\"><a href=\"https:\/\/web.infn.it\/RadioLAB\/giornata-europea-del-radon-7-novembre-2018\/\">Giornata Europea del Radon &#8211; 7 novembre 2018<\/a><\/h4><p class=\"o-posts-grid-post-meta\">Posted on <time datetime=\"2020-11-16T16:54:47+01:00\">16 Novembre 2020<\/time> <\/p><div class=\"o-posts-grid-post-description\"><p><\/p><a class=\"o-posts-read-more\" href=\"https:\/\/web.infn.it\/RadioLAB\/giornata-europea-del-radon-7-novembre-2018\/\">Read More<\/a><\/div><\/div><\/div><\/div><div class=\"o-posts-grid-post-blog o-posts-grid-post-plain\"><div class=\"o-posts-grid-post\"><div class=\"o-posts-grid-post-image\"><a href=\"https:\/\/web.infn.it\/RadioLAB\/radiolab-radon-day-ischia\/\"><img loading=\"lazy\" decoding=\"async\" width=\"300\" height=\"169\" src=\"https:\/\/web.infn.it\/RadioLAB\/wp-content\/uploads\/2020\/10\/Schermata-2020-10-05-alle-17.09.20-300x169.png\" class=\"attachment-medium size-medium\" alt=\"RadioLab Radon Day Ischia\" srcset=\"https:\/\/web.infn.it\/RadioLAB\/wp-content\/uploads\/2020\/10\/Schermata-2020-10-05-alle-17.09.20-300x169.png 300w, https:\/\/web.infn.it\/RadioLAB\/wp-content\/uploads\/2020\/10\/Schermata-2020-10-05-alle-17.09.20-1024x578.png 1024w, https:\/\/web.infn.it\/RadioLAB\/wp-content\/uploads\/2020\/10\/Schermata-2020-10-05-alle-17.09.20-768x434.png 768w, https:\/\/web.infn.it\/RadioLAB\/wp-content\/uploads\/2020\/10\/Schermata-2020-10-05-alle-17.09.20.png 1192w\" sizes=\"(max-width: 300px) 100vw, 300px\" \/><\/a><\/div><div class=\"o-posts-grid-post-body\"><h4 class=\"o-posts-grid-post-title\"><a href=\"https:\/\/web.infn.it\/RadioLAB\/radiolab-radon-day-ischia\/\">RadioLab Radon Day Ischia<\/a><\/h4><p class=\"o-posts-grid-post-meta\">Posted on <time datetime=\"2020-10-05T16:42:04+02:00\">5 Ottobre 2020<\/time> <\/p><div class=\"o-posts-grid-post-description\"><p>&nbsp;<\/p><a class=\"o-posts-read-more\" href=\"https:\/\/web.infn.it\/RadioLAB\/radiolab-radon-day-ischia\/\">Read More<\/a><\/div><\/div><\/div><\/div><div class=\"o-posts-grid-post-blog o-posts-grid-post-plain\"><div class=\"o-posts-grid-post\"><div class=\"o-posts-grid-post-image\"><a href=\"https:\/\/web.infn.it\/RadioLAB\/giornata-del-radon-convegno-al-poli-per-sensibilizzare-i-giovani-sul-tema-della-radioattivita-ambientale-il-golfo-24\/\"><img loading=\"lazy\" decoding=\"async\" width=\"300\" height=\"225\" src=\"https:\/\/web.infn.it\/RadioLAB\/wp-content\/uploads\/2024\/01\/Foto-secondaria-in-buona-evidenza-1-3.jpg-300x225.webp\" class=\"attachment-medium size-medium\" alt=\"Giornata del Radon, convegno al Poli per sensibilizzare i giovani sul tema della radioattivit\u00e0 ambientale &#8211; Il Golfo 24\" srcset=\"https:\/\/web.infn.it\/RadioLAB\/wp-content\/uploads\/2024\/01\/Foto-secondaria-in-buona-evidenza-1-3.jpg-300x225.webp 300w, https:\/\/web.infn.it\/RadioLAB\/wp-content\/uploads\/2024\/01\/Foto-secondaria-in-buona-evidenza-1-3.jpg.webp 768w\" sizes=\"(max-width: 300px) 100vw, 300px\" \/><\/a><\/div><div class=\"o-posts-grid-post-body\"><h4 class=\"o-posts-grid-post-title\"><a href=\"https:\/\/web.infn.it\/RadioLAB\/giornata-del-radon-convegno-al-poli-per-sensibilizzare-i-giovani-sul-tema-della-radioattivita-ambientale-il-golfo-24\/\">Giornata del Radon, convegno al Poli per sensibilizzare i giovani sul tema della radioattivit\u00e0 ambientale &#8211; Il Golfo 24<\/a><\/h4><p class=\"o-posts-grid-post-meta\">Posted on <time datetime=\"2019-05-29T16:11:00+02:00\">29 Maggio 2019<\/time> <\/p><div class=\"o-posts-grid-post-description\"><p><\/p><a class=\"o-posts-read-more\" href=\"https:\/\/web.infn.it\/RadioLAB\/giornata-del-radon-convegno-al-poli-per-sensibilizzare-i-giovani-sul-tema-della-radioattivita-ambientale-il-golfo-24\/\">Read More<\/a><\/div><\/div><\/div><\/div><div class=\"o-posts-grid-post-blog o-posts-grid-post-plain\"><div class=\"o-posts-grid-post\"><div class=\"o-posts-grid-post-image\"><a href=\"https:\/\/web.infn.it\/RadioLAB\/ischia-lunedi-27-al-polifunzionale-un-convegno-sul-radon-teleischia-com\/\"><img loading=\"lazy\" decoding=\"async\" width=\"300\" height=\"141\" src=\"https:\/\/web.infn.it\/RadioLAB\/wp-content\/uploads\/2018\/11\/copertina-news-300x141.jpg\" class=\"attachment-medium size-medium\" alt=\"Ischia. Luned\u00ec 27 al Polifunzionale un convegno sul radon &#8211; teleischia.com\" srcset=\"https:\/\/web.infn.it\/RadioLAB\/wp-content\/uploads\/2018\/11\/copertina-news-300x141.jpg 300w, https:\/\/web.infn.it\/RadioLAB\/wp-content\/uploads\/2018\/11\/copertina-news-1024x481.jpg 1024w, https:\/\/web.infn.it\/RadioLAB\/wp-content\/uploads\/2018\/11\/copertina-news-768x361.jpg 768w, https:\/\/web.infn.it\/RadioLAB\/wp-content\/uploads\/2018\/11\/copertina-news-1536x722.jpg 1536w, https:\/\/web.infn.it\/RadioLAB\/wp-content\/uploads\/2018\/11\/copertina-news-2048x963.jpg 2048w\" sizes=\"(max-width: 300px) 100vw, 300px\" \/><\/a><\/div><div class=\"o-posts-grid-post-body\"><h4 class=\"o-posts-grid-post-title\"><a href=\"https:\/\/web.infn.it\/RadioLAB\/ischia-lunedi-27-al-polifunzionale-un-convegno-sul-radon-teleischia-com\/\">Ischia. Luned\u00ec 27 al Polifunzionale un convegno sul radon &#8211; teleischia.com<\/a><\/h4><p class=\"o-posts-grid-post-meta\">Posted on <time datetime=\"2019-05-25T16:08:00+02:00\">25 Maggio 2019<\/time> <\/p><div class=\"o-posts-grid-post-description\"><p><\/p><a class=\"o-posts-read-more\" href=\"https:\/\/web.infn.it\/RadioLAB\/ischia-lunedi-27-al-polifunzionale-un-convegno-sul-radon-teleischia-com\/\">Read More<\/a><\/div><\/div><\/div><\/div><div class=\"o-posts-grid-post-blog o-posts-grid-post-plain\"><div class=\"o-posts-grid-post\"><div class=\"o-posts-grid-post-image\"><a href=\"https:\/\/web.infn.it\/RadioLAB\/radon-day-dellinfn-al-liceo-statale-ischia-il-golfo-24\/\"><img loading=\"lazy\" decoding=\"async\" width=\"300\" height=\"181\" src=\"https:\/\/web.infn.it\/RadioLAB\/wp-content\/uploads\/2024\/01\/Foto-principale-in-grande-.jpg-300x181.webp\" class=\"attachment-medium size-medium\" alt=\"\u201cRadon Day\u201d dell\u2019INFN al Liceo Statale Ischia &#8211; Il Golfo 24\" srcset=\"https:\/\/web.infn.it\/RadioLAB\/wp-content\/uploads\/2024\/01\/Foto-principale-in-grande-.jpg-300x181.webp 300w, https:\/\/web.infn.it\/RadioLAB\/wp-content\/uploads\/2024\/01\/Foto-principale-in-grande-.jpg-1024x617.webp 1024w, https:\/\/web.infn.it\/RadioLAB\/wp-content\/uploads\/2024\/01\/Foto-principale-in-grande-.jpg-768x463.webp 768w, https:\/\/web.infn.it\/RadioLAB\/wp-content\/uploads\/2024\/01\/Foto-principale-in-grande-.jpg-1536x926.webp 1536w, https:\/\/web.infn.it\/RadioLAB\/wp-content\/uploads\/2024\/01\/Foto-principale-in-grande-.jpg.webp 1560w\" sizes=\"(max-width: 300px) 100vw, 300px\" \/><\/a><\/div><div class=\"o-posts-grid-post-body\"><h4 class=\"o-posts-grid-post-title\"><a href=\"https:\/\/web.infn.it\/RadioLAB\/radon-day-dellinfn-al-liceo-statale-ischia-il-golfo-24\/\">\u201cRadon Day\u201d dell\u2019INFN al Liceo Statale Ischia &#8211; Il Golfo 24<\/a><\/h4><p class=\"o-posts-grid-post-meta\">Posted on <time datetime=\"2018-11-20T15:57:00+01:00\">20 Novembre 2018<\/time> <\/p><div class=\"o-posts-grid-post-description\"><p><\/p><a class=\"o-posts-read-more\" href=\"https:\/\/web.infn.it\/RadioLAB\/radon-day-dellinfn-al-liceo-statale-ischia-il-golfo-24\/\">Read More<\/a><\/div><\/div><\/div><\/div><div class=\"o-posts-grid-post-blog o-posts-grid-post-plain\"><div class=\"o-posts-grid-post\"><div class=\"o-posts-grid-post-image\"><a href=\"https:\/\/web.infn.it\/RadioLAB\/terme-ischia-bilancio-di-fine-stagione-di-costanzo-avvio-difficile-ma-sono-tornati-i-tedeschi-il-golfo-24\/\"><img loading=\"lazy\" decoding=\"async\" width=\"300\" height=\"181\" src=\"https:\/\/web.infn.it\/RadioLAB\/wp-content\/uploads\/2024\/01\/Foto-principale-1-1.jpg-300x181.webp\" class=\"attachment-medium size-medium\" alt=\"Terme Ischia, bilancio di fine stagione. Di Costanzo: \u00abAvvio difficile, ma sono tornati i tedeschi\u00bb &#8211; Il Golfo 24\" srcset=\"https:\/\/web.infn.it\/RadioLAB\/wp-content\/uploads\/2024\/01\/Foto-principale-1-1.jpg-300x181.webp 300w, https:\/\/web.infn.it\/RadioLAB\/wp-content\/uploads\/2024\/01\/Foto-principale-1-1.jpg-768x463.webp 768w, https:\/\/web.infn.it\/RadioLAB\/wp-content\/uploads\/2024\/01\/Foto-principale-1-1.jpg.webp 780w\" sizes=\"(max-width: 300px) 100vw, 300px\" \/><\/a><\/div><div class=\"o-posts-grid-post-body\"><h4 class=\"o-posts-grid-post-title\"><a href=\"https:\/\/web.infn.it\/RadioLAB\/terme-ischia-bilancio-di-fine-stagione-di-costanzo-avvio-difficile-ma-sono-tornati-i-tedeschi-il-golfo-24\/\">Terme Ischia, bilancio di fine stagione. Di Costanzo: \u00abAvvio difficile, ma sono tornati i tedeschi\u00bb &#8211; Il Golfo 24<\/a><\/h4><p class=\"o-posts-grid-post-meta\">Posted on <time datetime=\"2018-11-14T15:50:00+01:00\">14 Novembre 2018<\/time> <\/p><div class=\"o-posts-grid-post-description\"><p><\/p><a class=\"o-posts-read-more\" href=\"https:\/\/web.infn.it\/RadioLAB\/terme-ischia-bilancio-di-fine-stagione-di-costanzo-avvio-difficile-ma-sono-tornati-i-tedeschi-il-golfo-24\/\">Read More<\/a><\/div><\/div><\/div><\/div><div class=\"o-posts-grid-post-blog o-posts-grid-post-plain\"><div class=\"o-posts-grid-post\"><div class=\"o-posts-grid-post-image\"><a href=\"https:\/\/web.infn.it\/RadioLAB\/ischia-il-radon-tra-rischi-e-prevenzione-in-un-convegno-napoli-repubblica-it\/\"><img loading=\"lazy\" decoding=\"async\" width=\"300\" height=\"169\" src=\"https:\/\/web.infn.it\/RadioLAB\/wp-content\/uploads\/2024\/01\/093132632-cefb459f-7272-4f1d-a150-3e527b2acbbb.jpg-300x169.webp\" class=\"attachment-medium size-medium\" alt=\"Ischia, il radon tra rischi e prevenzione in un convegno &#8211; napoli.repubblica.it\" srcset=\"https:\/\/web.infn.it\/RadioLAB\/wp-content\/uploads\/2024\/01\/093132632-cefb459f-7272-4f1d-a150-3e527b2acbbb.jpg-300x169.webp 300w, https:\/\/web.infn.it\/RadioLAB\/wp-content\/uploads\/2024\/01\/093132632-cefb459f-7272-4f1d-a150-3e527b2acbbb.jpg.webp 560w\" sizes=\"(max-width: 300px) 100vw, 300px\" \/><\/a><\/div><div class=\"o-posts-grid-post-body\"><h4 class=\"o-posts-grid-post-title\"><a href=\"https:\/\/web.infn.it\/RadioLAB\/ischia-il-radon-tra-rischi-e-prevenzione-in-un-convegno-napoli-repubblica-it\/\">Ischia, il radon tra rischi e prevenzione in un convegno &#8211; napoli.repubblica.it<\/a><\/h4><p class=\"o-posts-grid-post-meta\">Posted on <time datetime=\"2018-11-07T15:30:00+01:00\">7 Novembre 2018<\/time> <\/p><div class=\"o-posts-grid-post-description\"><p>A un secolo dall\u2019arrivo sull\u2019isola di Marie Curie, riflettori sul gas nobile radioattivo e sugli eff\u2026<\/p><a class=\"o-posts-read-more\" href=\"https:\/\/web.infn.it\/RadioLAB\/ischia-il-radon-tra-rischi-e-prevenzione-in-un-convegno-napoli-repubblica-it\/\">Read More<\/a><\/div><\/div><\/div><\/div><\/div> <\/div>\n\n\n<div class=\"wp-block-group\"><div class=\"wp-block-group__inner-container is-layout-constrained wp-block-group-is-layout-constrained\">\n<div style=\"height:50px\" aria-hidden=\"true\" class=\"wp-block-spacer\"><\/div>\n\n\n\n<figure class=\"wp-block-pullquote has-medium-font-size\"><blockquote><p>Niente nella vita va temuto, dev\u2019essere solamente compreso.<\/p><cite><code>Marie Curie<\/code><\/cite><\/blockquote><\/figure>\n\n\n\n<div style=\"height:50px\" aria-hidden=\"true\" class=\"wp-block-spacer\"><\/div>\n<\/div><\/div>\n","protected":false},"excerpt":{"rendered":"<p>Responsabile locale: &nbsp;Mariagabriella Pugliese&nbsp; Partecipanti:&nbsp;Giuseppe La Verde, Emilio Balzano, Carlo Sabbarese Nel 2017\/18 sono state coinvolte&nbsp; tre scuole: il Liceo Scientifico \u201cG. Salvemini\u201d di Sorrento, il Liceo Statale di Ischia e l\u2019 I.T.I.A. \u201cPacinotti\u201d di Scafati, per un totale di circa 150 studenti. Il progetto RadioLab \u00e8 stato presentato all&#8217;Open [&hellip;]<\/p>\n","protected":false},"author":2,"featured_media":2311,"parent":405,"menu_order":0,"comment_status":"closed","ping_status":"closed","template":"","meta":{"om_disable_all_campaigns":false,"_themeisle_gutenberg_block_has_review":false,"footnotes":""},"class_list":["post-378","page","type-page","status-publish","has-post-thumbnail","hentry"],"_links":{"self":[{"href":"https:\/\/web.infn.it\/RadioLAB\/wp-json\/wp\/v2\/pages\/378","targetHints":{"allow":["GET"]}}],"collection":[{"href":"https:\/\/web.infn.it\/RadioLAB\/wp-json\/wp\/v2\/pages"}],"about":[{"href":"https:\/\/web.infn.it\/RadioLAB\/wp-json\/wp\/v2\/types\/page"}],"author":[{"embeddable":true,"href":"https:\/\/web.infn.it\/RadioLAB\/wp-json\/wp\/v2\/users\/2"}],"replies":[{"embeddable":true,"href":"https:\/\/web.infn.it\/RadioLAB\/wp-json\/wp\/v2\/comments?post=378"}],"version-history":[{"count":6,"href":"https:\/\/web.infn.it\/RadioLAB\/wp-json\/wp\/v2\/pages\/378\/revisions"}],"predecessor-version":[{"id":2553,"href":"https:\/\/web.infn.it\/RadioLAB\/wp-json\/wp\/v2\/pages\/378\/revisions\/2553"}],"up":[{"embeddable":true,"href":"https:\/\/web.infn.it\/RadioLAB\/wp-json\/wp\/v2\/pages\/405"}],"wp:featuredmedia":[{"embeddable":true,"href":"https:\/\/web.infn.it\/RadioLAB\/wp-json\/wp\/v2\/media\/2311"}],"wp:attachment":[{"href":"https:\/\/web.infn.it\/RadioLAB\/wp-json\/wp\/v2\/media?parent=378"}],"curies":[{"name":"wp","href":"https:\/\/api.w.org\/{rel}","templated":true}]}}