{"id":2141,"date":"2023-01-31T10:00:00","date_gmt":"2023-01-31T09:00:00","guid":{"rendered":"https:\/\/web.infn.it\/infn-kids\/?page_id=2141"},"modified":"2023-01-31T10:00:00","modified_gmt":"2023-01-31T09:00:00","slug":"il-calendario-2023-di-infn-kids","status":"publish","type":"page","link":"https:\/\/web.infn.it\/infn-kids\/il-calendario-2023-di-infn-kids\/","title":{"rendered":"Il calendario 2023 di INFN Kids"},"content":{"rendered":"\n<h3 class=\"has-text-color wp-block-heading\" style=\"color:#00115e\">Mentre mettevano in ordine il loro laboratorio, Leo e Alice non si sono accorti che\u2026 <strong>\u00e8 gi\u00e0 finito gennaio! Che sbadati!<\/strong>&nbsp;<\/h3>\n\n\n\n<p class=\"wp-block-paragraph\" style=\"font-size:20px\">Ma abbiamo una sorpresa per loro &#8211; e anche per voi! &#8211; che li aiuter\u00e0 a non perdere pi\u00f9 il conto dei giorni: il calendario 2023 di INFN Kids!\u00a0<\/p>\n\n\n\n<figure class=\"wp-block-image size-large is-style-default\"><img loading=\"lazy\" decoding=\"async\" width=\"1024\" height=\"483\" src=\"https:\/\/web.infn.it\/infn-kids\/wp-content\/uploads\/2023\/01\/ImmaginePerSitoWeb-1024x483.png\" alt=\"\" class=\"wp-image-2148\" srcset=\"https:\/\/web.infn.it\/infn-kids\/wp-content\/uploads\/2023\/01\/ImmaginePerSitoWeb-1024x483.png 1024w, https:\/\/web.infn.it\/infn-kids\/wp-content\/uploads\/2023\/01\/ImmaginePerSitoWeb-1536x724.png 1536w, https:\/\/web.infn.it\/infn-kids\/wp-content\/uploads\/2023\/01\/ImmaginePerSitoWeb-2048x965.png 2048w, https:\/\/web.infn.it\/infn-kids\/wp-content\/uploads\/2023\/01\/ImmaginePerSitoWeb-300x141.png 300w, https:\/\/web.infn.it\/infn-kids\/wp-content\/uploads\/2023\/01\/ImmaginePerSitoWeb-768x362.png 768w\" sizes=\"auto, (max-width: 1024px) 100vw, 1024px\" \/><\/figure>\n\n\n\n<p class=\"wp-block-paragraph\" style=\"font-size:20px\">Potete scaricarlo cliccando su <a href=\"https:\/\/web.infn.it\/infn-kids\/wp-content\/uploads\/2023\/01\/Calendario2023_2.pdf\">questo link<\/a>. <\/p>\n\n\n\n<p class=\"wp-block-paragraph\" style=\"font-size:20px\">Vi piace? Scrivetecelo nei commenti sulla <a href=\"https:\/\/www.facebook.com\/INFNKids\">nostra pagina Facebook<\/a>, vi aspettiamo!<\/p>\n","protected":false},"excerpt":{"rendered":"<p>Mentre mettevano in ordine il loro laboratorio, Leo e Alice non si sono accorti che\u2026 \u00e8 gi\u00e0 finito gennaio! Che sbadati!&nbsp; Ma abbiamo una sorpresa per loro &#8211; e anche per voi! &#8211; che li aiuter\u00e0 a non perdere pi\u00f9 il conto dei giorni: il calendario 2023 di INFN Kids!\u00a0 Potete scaricarlo cliccando su questo &hellip; <\/p>\n<p class=\"link-more\"><a href=\"https:\/\/web.infn.it\/infn-kids\/il-calendario-2023-di-infn-kids\/\" class=\"more-link\">Continue reading<span class=\"screen-reader-text\"> &#8220;Il calendario 2023 di INFN Kids&#8221;<\/span><\/a><\/p>\n","protected":false},"author":2,"featured_media":2143,"parent":0,"menu_order":0,"comment_status":"closed","ping_status":"closed","template":"","meta":{"footnotes":""},"class_list":["post-2141","page","type-page","status-publish","has-post-thumbnail","hentry"],"_links":{"self":[{"href":"https:\/\/web.infn.it\/infn-kids\/wp-json\/wp\/v2\/pages\/2141","targetHints":{"allow":["GET"]}}],"collection":[{"href":"https:\/\/web.infn.it\/infn-kids\/wp-json\/wp\/v2\/pages"}],"about":[{"href":"https:\/\/web.infn.it\/infn-kids\/wp-json\/wp\/v2\/types\/page"}],"author":[{"embeddable":true,"href":"https:\/\/web.infn.it\/infn-kids\/wp-json\/wp\/v2\/users\/2"}],"replies":[{"embeddable":true,"href":"https:\/\/web.infn.it\/infn-kids\/wp-json\/wp\/v2\/comments?post=2141"}],"version-history":[{"count":0,"href":"https:\/\/web.infn.it\/infn-kids\/wp-json\/wp\/v2\/pages\/2141\/revisions"}],"wp:featuredmedia":[{"embeddable":true,"href":"https:\/\/web.infn.it\/infn-kids\/wp-json\/wp\/v2\/media\/2143"}],"wp:attachment":[{"href":"https:\/\/web.infn.it\/infn-kids\/wp-json\/wp\/v2\/media?parent=2141"}],"curies":[{"name":"wp","href":"https:\/\/api.w.org\/{rel}","templated":true}]}}