{"id":73,"date":"2021-04-20T10:59:44","date_gmt":"2021-04-20T08:59:44","guid":{"rendered":"https:\/\/web.infn.it\/labec\/?page_id=73"},"modified":"2022-04-13T11:15:38","modified_gmt":"2022-04-13T09:15:38","slug":"home","status":"publish","type":"page","link":"https:\/\/web.infn.it\/labec\/","title":{"rendered":"Home"},"content":{"rendered":"\t\t<div data-elementor-type=\"wp-page\" data-elementor-id=\"73\" class=\"elementor elementor-73\" data-elementor-post-type=\"page\">\n\t\t\t\t\t\t<section class=\"elementor-section elementor-top-section elementor-element elementor-element-1d132b8 elementor-section-boxed elementor-section-height-default elementor-section-height-default\" data-id=\"1d132b8\" data-element_type=\"section\" data-e-type=\"section\">\n\t\t\t\t\t\t<div class=\"elementor-container elementor-column-gap-default\">\n\t\t\t\t\t<div class=\"elementor-column elementor-col-100 elementor-top-column elementor-element elementor-element-96e356f\" data-id=\"96e356f\" data-element_type=\"column\" data-e-type=\"column\">\n\t\t\t<div class=\"elementor-widget-wrap elementor-element-populated\">\n\t\t\t\t\t\t<div class=\"elementor-element elementor-element-cc9f5c8 elementor-widget elementor-widget-spacer\" data-id=\"cc9f5c8\" data-element_type=\"widget\" data-e-type=\"widget\" data-widget_type=\"spacer.default\">\n\t\t\t\t<div class=\"elementor-widget-container\">\n\t\t\t\t\t\t\t<div class=\"elementor-spacer\">\n\t\t\t<div class=\"elementor-spacer-inner\"><\/div>\n\t\t<\/div>\n\t\t\t\t\t\t<\/div>\n\t\t\t\t<\/div>\n\t\t\t\t\t<\/div>\n\t\t<\/div>\n\t\t\t\t\t<\/div>\n\t\t<\/section>\n\t\t\t\t<section class=\"elementor-section elementor-top-section elementor-element elementor-element-8c5845e elementor-section-boxed elementor-section-height-default elementor-section-height-default\" data-id=\"8c5845e\" data-element_type=\"section\" data-e-type=\"section\">\n\t\t\t\t\t\t<div class=\"elementor-container elementor-column-gap-default\">\n\t\t\t\t\t<div class=\"elementor-column elementor-col-50 elementor-top-column elementor-element elementor-element-48a93b2\" data-id=\"48a93b2\" data-element_type=\"column\" data-e-type=\"column\">\n\t\t\t<div class=\"elementor-widget-wrap elementor-element-populated\">\n\t\t\t\t\t\t<div class=\"elementor-element elementor-element-41cc1c7 elementor-widget elementor-widget-text-editor\" data-id=\"41cc1c7\" data-element_type=\"widget\" data-e-type=\"widget\" data-widget_type=\"text-editor.default\">\n\t\t\t\t<div class=\"elementor-widget-container\">\n\t\t\t\t\t\t\t\t\t<h2>CHI SIAMO<\/h2>\t\t\t\t\t\t\t\t<\/div>\n\t\t\t\t<\/div>\n\t\t\t\t\t<\/div>\n\t\t<\/div>\n\t\t\t\t<div class=\"elementor-column elementor-col-50 elementor-top-column elementor-element elementor-element-64a0574\" data-id=\"64a0574\" data-element_type=\"column\" data-e-type=\"column\">\n\t\t\t<div class=\"elementor-widget-wrap elementor-element-populated\">\n\t\t\t\t\t\t<div class=\"elementor-element elementor-element-1a7e466 elementor-widget elementor-widget-text-editor\" data-id=\"1a7e466\" data-element_type=\"widget\" data-e-type=\"widget\" data-widget_type=\"text-editor.default\">\n\t\t\t\t<div class=\"elementor-widget-container\">\n\t\t\t\t\t\t\t\t\t<p>Il LABEC, Laboratorio di tecniche nucleari per l&#8217;Ambiente e i BEni Culturali, \u00e8 un centro di riferimento per lo sviluppo di nuove tecnologie basate sull&#8217;uso di acceleratori e di radiazioni ionizzanti, <span style=\"font-size: 15px;\">e le loro applicazioni in contesti ambientali e di studio e valorizzazione del patrimonio culturale. Il laboratorio \u00e8 ospitato presso la sezione di Firenze dell&#8217;Istituto Nazionale di Fisica Nucleare (INFN) ed \u00e8 gestito insieme da INFN e dal Dipartimento di Fisica e Astronomia dell&#8217;Universit\u00e0 di Firenze.<\/span><\/p>\t\t\t\t\t\t\t\t<\/div>\n\t\t\t\t<\/div>\n\t\t\t\t<div class=\"elementor-element elementor-element-16677ab elementor-widget elementor-widget-button\" data-id=\"16677ab\" data-element_type=\"widget\" data-e-type=\"widget\" data-widget_type=\"button.default\">\n\t\t\t\t<div class=\"elementor-widget-container\">\n\t\t\t\t\t\t\t\t\t<div class=\"elementor-button-wrapper\">\n\t\t\t\t\t<a class=\"elementor-button elementor-button-link elementor-size-sm\" href=\"https:\/\/web.infn.it\/labec\/chi-siamo\/\">\n\t\t\t\t\t\t<span class=\"elementor-button-content-wrapper\">\n\t\t\t\t\t\t\t\t\t<span class=\"elementor-button-text\">Per saperne di pi\u00f9<\/span>\n\t\t\t\t\t<\/span>\n\t\t\t\t\t<\/a>\n\t\t\t\t<\/div>\n\t\t\t\t\t\t\t\t<\/div>\n\t\t\t\t<\/div>\n\t\t\t\t\t<\/div>\n\t\t<\/div>\n\t\t\t\t\t<\/div>\n\t\t<\/section>\n\t\t\t\t<section class=\"elementor-section elementor-top-section elementor-element elementor-element-d81c0c4 elementor-section-boxed elementor-section-height-default elementor-section-height-default\" data-id=\"d81c0c4\" data-element_type=\"section\" data-e-type=\"section\">\n\t\t\t\t\t\t<div class=\"elementor-container elementor-column-gap-default\">\n\t\t\t\t\t<div class=\"elementor-column elementor-col-100 elementor-top-column elementor-element elementor-element-f15b5a7\" data-id=\"f15b5a7\" data-element_type=\"column\" data-e-type=\"column\">\n\t\t\t<div class=\"elementor-widget-wrap elementor-element-populated\">\n\t\t\t\t\t\t<div class=\"elementor-element elementor-element-4e58aec elementor-widget elementor-widget-spacer\" data-id=\"4e58aec\" data-element_type=\"widget\" data-e-type=\"widget\" data-widget_type=\"spacer.default\">\n\t\t\t\t<div class=\"elementor-widget-container\">\n\t\t\t\t\t\t\t<div class=\"elementor-spacer\">\n\t\t\t<div class=\"elementor-spacer-inner\"><\/div>\n\t\t<\/div>\n\t\t\t\t\t\t<\/div>\n\t\t\t\t<\/div>\n\t\t\t\t\t<\/div>\n\t\t<\/div>\n\t\t\t\t\t<\/div>\n\t\t<\/section>\n\t\t\t\t<section class=\"elementor-section elementor-top-section elementor-element elementor-element-693392b elementor-section-boxed elementor-section-height-default elementor-section-height-default\" data-id=\"693392b\" data-element_type=\"section\" data-e-type=\"section\">\n\t\t\t\t\t\t<div class=\"elementor-container elementor-column-gap-default\">\n\t\t\t\t\t<div class=\"elementor-column elementor-col-20 elementor-top-column elementor-element elementor-element-2c8a25f\" data-id=\"2c8a25f\" data-element_type=\"column\" data-e-type=\"column\">\n\t\t\t<div class=\"elementor-widget-wrap elementor-element-populated\">\n\t\t\t\t\t\t<div class=\"elementor-element elementor-element-6af9e41 elementor-view-default elementor-position-block-start elementor-mobile-position-block-start elementor-widget elementor-widget-icon-box\" data-id=\"6af9e41\" data-element_type=\"widget\" data-e-type=\"widget\" data-widget_type=\"icon-box.default\">\n\t\t\t\t<div class=\"elementor-widget-container\">\n\t\t\t\t\t\t\t<div class=\"elementor-icon-box-wrapper\">\n\n\t\t\t\t\t\t<div class=\"elementor-icon-box-icon\">\n\t\t\t\t<a href=\"https:\/\/web.infn.it\/labec\/home\/ambiente\/\" class=\"elementor-icon\" tabindex=\"-1\" aria-label=\"AMBIENTE\">\n\t\t\t\t<i aria-hidden=\"true\" class=\"fas fa-leaf\"><\/i>\t\t\t\t<\/a>\n\t\t\t<\/div>\n\t\t\t\n\t\t\t\t\t\t<div class=\"elementor-icon-box-content\">\n\n\t\t\t\t\t\t\t\t\t<h3 class=\"elementor-icon-box-title\">\n\t\t\t\t\t\t<a href=\"https:\/\/web.infn.it\/labec\/home\/ambiente\/\" >\n\t\t\t\t\t\t\tAMBIENTE\t\t\t\t\t\t<\/a>\n\t\t\t\t\t<\/h3>\n\t\t\t\t\n\t\t\t\t\t\t\t\t\t<p class=\"elementor-icon-box-description\">\n\t\t\t\t\t\tL'analisi del particolato atmosferico, o aerosol, permette di ottenere informazioni utili per lo studio dei cambiamenti climatici, l'inquinamento e la salute.\t\t\t\t\t<\/p>\n\t\t\t\t\n\t\t\t<\/div>\n\t\t\t\n\t\t<\/div>\n\t\t\t\t\t\t<\/div>\n\t\t\t\t<\/div>\n\t\t\t\t\t<\/div>\n\t\t<\/div>\n\t\t\t\t<div class=\"elementor-column elementor-col-20 elementor-top-column elementor-element elementor-element-d007952\" data-id=\"d007952\" data-element_type=\"column\" data-e-type=\"column\">\n\t\t\t<div class=\"elementor-widget-wrap elementor-element-populated\">\n\t\t\t\t\t\t<div class=\"elementor-element elementor-element-1b7360a elementor-view-default elementor-position-block-start elementor-mobile-position-block-start elementor-widget elementor-widget-icon-box\" data-id=\"1b7360a\" data-element_type=\"widget\" data-e-type=\"widget\" data-widget_type=\"icon-box.default\">\n\t\t\t\t<div class=\"elementor-widget-container\">\n\t\t\t\t\t\t\t<div class=\"elementor-icon-box-wrapper\">\n\n\t\t\t\t\t\t<div class=\"elementor-icon-box-icon\">\n\t\t\t\t<a href=\"https:\/\/web.infn.it\/labec\/beni-culturali\/\" class=\"elementor-icon\" tabindex=\"-1\" aria-label=\"BENI CULTURALI\">\n\t\t\t\t<i aria-hidden=\"true\" class=\"fas fa-palette\"><\/i>\t\t\t\t<\/a>\n\t\t\t<\/div>\n\t\t\t\n\t\t\t\t\t\t<div class=\"elementor-icon-box-content\">\n\n\t\t\t\t\t\t\t\t\t<h3 class=\"elementor-icon-box-title\">\n\t\t\t\t\t\t<a href=\"https:\/\/web.infn.it\/labec\/beni-culturali\/\" >\n\t\t\t\t\t\t\tBENI CULTURALI\t\t\t\t\t\t<\/a>\n\t\t\t\t\t<\/h3>\n\t\t\t\t\n\t\t\t\t\t\t\t\t\t<p class=\"elementor-icon-box-description\">\n\t\t\t\t\t\tLo studio della composizione dei materiali costituenti le opere d'arte e la datazione con radiocarbonio rappresentano strumenti fondamentali per approfondire la conoscenza del patrimonio culturale.\t\t\t\t\t<\/p>\n\t\t\t\t\n\t\t\t<\/div>\n\t\t\t\n\t\t<\/div>\n\t\t\t\t\t\t<\/div>\n\t\t\t\t<\/div>\n\t\t\t\t\t<\/div>\n\t\t<\/div>\n\t\t\t\t<div class=\"elementor-column elementor-col-20 elementor-top-column elementor-element elementor-element-59e4234\" data-id=\"59e4234\" data-element_type=\"column\" data-e-type=\"column\">\n\t\t\t<div class=\"elementor-widget-wrap elementor-element-populated\">\n\t\t\t\t\t\t<div class=\"elementor-element elementor-element-c1abe2e elementor-view-default elementor-position-block-start elementor-mobile-position-block-start elementor-widget elementor-widget-icon-box\" data-id=\"c1abe2e\" data-element_type=\"widget\" data-e-type=\"widget\" data-widget_type=\"icon-box.default\">\n\t\t\t\t<div class=\"elementor-widget-container\">\n\t\t\t\t\t\t\t<div class=\"elementor-icon-box-wrapper\">\n\n\t\t\t\t\t\t<div class=\"elementor-icon-box-icon\">\n\t\t\t\t<a href=\"https:\/\/web.infn.it\/labec\/home\/materiali\/\" class=\"elementor-icon\" tabindex=\"-1\" aria-label=\"MATERIALI\">\n\t\t\t\t<i aria-hidden=\"true\" class=\"fab fa-react\"><\/i>\t\t\t\t<\/a>\n\t\t\t<\/div>\n\t\t\t\n\t\t\t\t\t\t<div class=\"elementor-icon-box-content\">\n\n\t\t\t\t\t\t\t\t\t<h3 class=\"elementor-icon-box-title\">\n\t\t\t\t\t\t<a href=\"https:\/\/web.infn.it\/labec\/home\/materiali\/\" >\n\t\t\t\t\t\t\tMATERIALI\t\t\t\t\t\t<\/a>\n\t\t\t\t\t<\/h3>\n\t\t\t\t\n\t\t\t\t\t\t\t\t\t<p class=\"elementor-icon-box-description\">\n\t\t\t\t\t\tMateriali avanzati e innovativi rappresentano la chiave per le future applicazioni in sensoristica e in tecnologie quantistiche, come la memorizzazione di informazioni e la comunicazione quantistiche.\t\t\t\t\t<\/p>\n\t\t\t\t\n\t\t\t<\/div>\n\t\t\t\n\t\t<\/div>\n\t\t\t\t\t\t<\/div>\n\t\t\t\t<\/div>\n\t\t\t\t\t<\/div>\n\t\t<\/div>\n\t\t\t\t<div class=\"elementor-column elementor-col-20 elementor-top-column elementor-element elementor-element-90df3a3\" data-id=\"90df3a3\" data-element_type=\"column\" data-e-type=\"column\">\n\t\t\t<div class=\"elementor-widget-wrap elementor-element-populated\">\n\t\t\t\t\t\t<div class=\"elementor-element elementor-element-f5168bf elementor-view-default elementor-position-block-start elementor-mobile-position-block-start elementor-widget elementor-widget-icon-box\" data-id=\"f5168bf\" data-element_type=\"widget\" data-e-type=\"widget\" data-widget_type=\"icon-box.default\">\n\t\t\t\t<div class=\"elementor-widget-container\">\n\t\t\t\t\t\t\t<div class=\"elementor-icon-box-wrapper\">\n\n\t\t\t\t\t\t<div class=\"elementor-icon-box-icon\">\n\t\t\t\t<a href=\"https:\/\/web.infn.it\/labec\/acceleratori\/\" class=\"elementor-icon\" tabindex=\"-1\" aria-label=\"ACCELERATORI\">\n\t\t\t\t<i aria-hidden=\"true\" class=\"fas fa-cogs\"><\/i>\t\t\t\t<\/a>\n\t\t\t<\/div>\n\t\t\t\n\t\t\t\t\t\t<div class=\"elementor-icon-box-content\">\n\n\t\t\t\t\t\t\t\t\t<h3 class=\"elementor-icon-box-title\">\n\t\t\t\t\t\t<a href=\"https:\/\/web.infn.it\/labec\/acceleratori\/\" >\n\t\t\t\t\t\t\tACCELERATORI\t\t\t\t\t\t<\/a>\n\t\t\t\t\t<\/h3>\n\t\t\t\t\n\t\t\t\t\t\t\t\t\t<p class=\"elementor-icon-box-description\">\n\t\t\t\t\t\tGli acceleratori, come l'acceleratore elettrostatico tandem da 3 MV e il nuovo acceleratore MACHINA sviluppato proprio dal LABEC, rappresentano il cuore delle attivit\u00e0 del laboratorio.\t\t\t\t\t<\/p>\n\t\t\t\t\n\t\t\t<\/div>\n\t\t\t\n\t\t<\/div>\n\t\t\t\t\t\t<\/div>\n\t\t\t\t<\/div>\n\t\t\t\t\t<\/div>\n\t\t<\/div>\n\t\t\t\t<div class=\"elementor-column elementor-col-20 elementor-top-column elementor-element elementor-element-0464cf9\" data-id=\"0464cf9\" data-element_type=\"column\" data-e-type=\"column\">\n\t\t\t<div class=\"elementor-widget-wrap elementor-element-populated\">\n\t\t\t\t\t\t<div class=\"elementor-element elementor-element-5f8e763 elementor-view-default elementor-position-block-start elementor-mobile-position-block-start elementor-widget elementor-widget-icon-box\" data-id=\"5f8e763\" data-element_type=\"widget\" data-e-type=\"widget\" data-widget_type=\"icon-box.default\">\n\t\t\t\t<div class=\"elementor-widget-container\">\n\t\t\t\t\t\t\t<div class=\"elementor-icon-box-wrapper\">\n\n\t\t\t\t\t\t<div class=\"elementor-icon-box-icon\">\n\t\t\t\t<a href=\"https:\/\/web.infn.it\/labec\/home\/digitale\/\" class=\"elementor-icon\" tabindex=\"-1\" aria-label=\"DIGITALE\">\n\t\t\t\t<i aria-hidden=\"true\" class=\"fas fa-code-branch\"><\/i>\t\t\t\t<\/a>\n\t\t\t<\/div>\n\t\t\t\n\t\t\t\t\t\t<div class=\"elementor-icon-box-content\">\n\n\t\t\t\t\t\t\t\t\t<h3 class=\"elementor-icon-box-title\">\n\t\t\t\t\t\t<a href=\"https:\/\/web.infn.it\/labec\/home\/digitale\/\" >\n\t\t\t\t\t\t\tDIGITALE\t\t\t\t\t\t<\/a>\n\t\t\t\t\t<\/h3>\n\t\t\t\t\n\t\t\t\t\t\t\t\t\t<p class=\"elementor-icon-box-description\">\n\t\t\t\t\t\tInnovativi servizi digitali \u2013 desktop e\/o web \u2013 sono sviluppati per coadiuvare i ricercatori nel loro lavoro.\t\t\t\t\t<\/p>\n\t\t\t\t\n\t\t\t<\/div>\n\t\t\t\n\t\t<\/div>\n\t\t\t\t\t\t<\/div>\n\t\t\t\t<\/div>\n\t\t\t\t\t<\/div>\n\t\t<\/div>\n\t\t\t\t\t<\/div>\n\t\t<\/section>\n\t\t\t\t<section class=\"elementor-section elementor-top-section elementor-element elementor-element-5c87293 elementor-section-boxed elementor-section-height-default elementor-section-height-default\" data-id=\"5c87293\" data-element_type=\"section\" data-e-type=\"section\">\n\t\t\t\t\t\t<div class=\"elementor-container elementor-column-gap-default\">\n\t\t\t\t\t<div class=\"elementor-column elementor-col-100 elementor-top-column elementor-element elementor-element-6b4bea8\" data-id=\"6b4bea8\" data-element_type=\"column\" data-e-type=\"column\">\n\t\t\t<div class=\"elementor-widget-wrap elementor-element-populated\">\n\t\t\t\t\t\t<div class=\"elementor-element elementor-element-8af1657 elementor-widget elementor-widget-spacer\" data-id=\"8af1657\" data-element_type=\"widget\" data-e-type=\"widget\" data-widget_type=\"spacer.default\">\n\t\t\t\t<div class=\"elementor-widget-container\">\n\t\t\t\t\t\t\t<div class=\"elementor-spacer\">\n\t\t\t<div class=\"elementor-spacer-inner\"><\/div>\n\t\t<\/div>\n\t\t\t\t\t\t<\/div>\n\t\t\t\t<\/div>\n\t\t\t\t\t<\/div>\n\t\t<\/div>\n\t\t\t\t\t<\/div>\n\t\t<\/section>\n\t\t\t\t<section class=\"elementor-section elementor-top-section elementor-element elementor-element-1c13ec4 elementor-section-boxed elementor-section-height-default elementor-section-height-default\" data-id=\"1c13ec4\" data-element_type=\"section\" data-e-type=\"section\" data-settings=\"{&quot;background_background&quot;:&quot;classic&quot;}\">\n\t\t\t\t\t\t<div class=\"elementor-container elementor-column-gap-default\">\n\t\t\t\t\t<div class=\"elementor-column elementor-col-33 elementor-top-column elementor-element elementor-element-e6aa823\" data-id=\"e6aa823\" data-element_type=\"column\" data-e-type=\"column\">\n\t\t\t<div class=\"elementor-widget-wrap elementor-element-populated\">\n\t\t\t\t\t\t<div class=\"elementor-element elementor-element-46c3760 elementor-widget elementor-widget-counter\" data-id=\"46c3760\" data-element_type=\"widget\" data-e-type=\"widget\" data-widget_type=\"counter.default\">\n\t\t\t\t<div class=\"elementor-widget-container\">\n\t\t\t\t\t\t\t<div class=\"elementor-counter\">\n\t\t\t<div class=\"elementor-counter-title\">Canali di misura all'acceleratore tandem da 3 MV<\/div>\t\t\t<div class=\"elementor-counter-number-wrapper\">\n\t\t\t\t<span class=\"elementor-counter-number-prefix\"><\/span>\n\t\t\t\t<span class=\"elementor-counter-number\" data-duration=\"800\" data-to-value=\"6\" data-from-value=\"0\" data-delimiter=\",\">0<\/span>\n\t\t\t\t<span class=\"elementor-counter-number-suffix\"><\/span>\n\t\t\t<\/div>\n\t\t<\/div>\n\t\t\t\t\t\t<\/div>\n\t\t\t\t<\/div>\n\t\t\t\t\t<\/div>\n\t\t<\/div>\n\t\t\t\t<div class=\"elementor-column elementor-col-33 elementor-top-column elementor-element elementor-element-bd258a8\" data-id=\"bd258a8\" data-element_type=\"column\" data-e-type=\"column\">\n\t\t\t<div class=\"elementor-widget-wrap elementor-element-populated\">\n\t\t\t\t\t\t<div class=\"elementor-element elementor-element-fc10988 elementor-widget elementor-widget-counter\" data-id=\"fc10988\" data-element_type=\"widget\" data-e-type=\"widget\" data-widget_type=\"counter.default\">\n\t\t\t\t<div class=\"elementor-widget-container\">\n\t\t\t\t\t\t\t<div class=\"elementor-counter\">\n\t\t\t<div class=\"elementor-counter-title\">Scanner portatili per misure XRF in situ su Beni Culturali<\/div>\t\t\t<div class=\"elementor-counter-number-wrapper\">\n\t\t\t\t<span class=\"elementor-counter-number-prefix\"><\/span>\n\t\t\t\t<span class=\"elementor-counter-number\" data-duration=\"600\" data-to-value=\"3\" data-from-value=\"0\" data-delimiter=\",\">0<\/span>\n\t\t\t\t<span class=\"elementor-counter-number-suffix\"><\/span>\n\t\t\t<\/div>\n\t\t<\/div>\n\t\t\t\t\t\t<\/div>\n\t\t\t\t<\/div>\n\t\t\t\t\t<\/div>\n\t\t<\/div>\n\t\t\t\t<div class=\"elementor-column elementor-col-33 elementor-top-column elementor-element elementor-element-f879a74\" data-id=\"f879a74\" data-element_type=\"column\" data-e-type=\"column\">\n\t\t\t<div class=\"elementor-widget-wrap elementor-element-populated\">\n\t\t\t\t\t\t<div class=\"elementor-element elementor-element-a57eba3 elementor-widget elementor-widget-counter\" data-id=\"a57eba3\" data-element_type=\"widget\" data-e-type=\"widget\" data-widget_type=\"counter.default\">\n\t\t\t\t<div class=\"elementor-widget-container\">\n\t\t\t\t\t\t\t<div class=\"elementor-counter\">\n\t\t\t<div class=\"elementor-counter-title\">Campionatori per il particolato atmosferico con diverse risoluzioni temporali<\/div>\t\t\t<div class=\"elementor-counter-number-wrapper\">\n\t\t\t\t<span class=\"elementor-counter-number-prefix\"><\/span>\n\t\t\t\t<span class=\"elementor-counter-number\" data-duration=\"600\" data-to-value=\"8\" data-from-value=\"0\" data-delimiter=\",\">0<\/span>\n\t\t\t\t<span class=\"elementor-counter-number-suffix\"><\/span>\n\t\t\t<\/div>\n\t\t<\/div>\n\t\t\t\t\t\t<\/div>\n\t\t\t\t<\/div>\n\t\t\t\t\t<\/div>\n\t\t<\/div>\n\t\t\t\t\t<\/div>\n\t\t<\/section>\n\t\t\t\t<section class=\"elementor-section elementor-top-section elementor-element elementor-element-3b45465 elementor-section-boxed elementor-section-height-default elementor-section-height-default\" data-id=\"3b45465\" data-element_type=\"section\" data-e-type=\"section\">\n\t\t\t\t\t\t<div class=\"elementor-container elementor-column-gap-default\">\n\t\t\t\t\t<div class=\"elementor-column elementor-col-100 elementor-top-column elementor-element elementor-element-fb35948\" data-id=\"fb35948\" data-element_type=\"column\" data-e-type=\"column\">\n\t\t\t<div class=\"elementor-widget-wrap elementor-element-populated\">\n\t\t\t\t\t\t<div class=\"elementor-element elementor-element-86495a8 elementor-widget elementor-widget-spacer\" data-id=\"86495a8\" data-element_type=\"widget\" data-e-type=\"widget\" data-widget_type=\"spacer.default\">\n\t\t\t\t<div class=\"elementor-widget-container\">\n\t\t\t\t\t\t\t<div class=\"elementor-spacer\">\n\t\t\t<div class=\"elementor-spacer-inner\"><\/div>\n\t\t<\/div>\n\t\t\t\t\t\t<\/div>\n\t\t\t\t<\/div>\n\t\t\t\t\t<\/div>\n\t\t<\/div>\n\t\t\t\t\t<\/div>\n\t\t<\/section>\n\t\t\t\t<section class=\"elementor-section elementor-top-section elementor-element elementor-element-ad711eb elementor-section-boxed elementor-section-height-default elementor-section-height-default\" data-id=\"ad711eb\" data-element_type=\"section\" data-e-type=\"section\">\n\t\t\t\t\t\t<div class=\"elementor-container elementor-column-gap-default\">\n\t\t\t\t\t<div class=\"elementor-column elementor-col-100 elementor-top-column elementor-element elementor-element-0916a0a\" data-id=\"0916a0a\" data-element_type=\"column\" data-e-type=\"column\">\n\t\t\t<div class=\"elementor-widget-wrap elementor-element-populated\">\n\t\t\t\t\t\t<div class=\"elementor-element elementor-element-013f3f4 elementor-widget-divider--view-line_text elementor-widget-divider--element-align-center elementor-widget elementor-widget-divider\" data-id=\"013f3f4\" data-element_type=\"widget\" data-e-type=\"widget\" data-widget_type=\"divider.default\">\n\t\t\t\t<div class=\"elementor-widget-container\">\n\t\t\t\t\t\t\t<div class=\"elementor-divider\">\n\t\t\t<span class=\"elementor-divider-separator\">\n\t\t\t\t\t\t\t<span class=\"elementor-divider__text elementor-divider__element\">\n\t\t\t\tNEWS\t\t\t\t<\/span>\n\t\t\t\t\t\t<\/span>\n\t\t<\/div>\n\t\t\t\t\t\t<\/div>\n\t\t\t\t<\/div>\n\t\t\t\t\t<\/div>\n\t\t<\/div>\n\t\t\t\t\t<\/div>\n\t\t<\/section>\n\t\t\t\t<section class=\"elementor-section elementor-top-section elementor-element elementor-element-93ec039 elementor-section-boxed elementor-section-height-default elementor-section-height-default\" data-id=\"93ec039\" data-element_type=\"section\" data-e-type=\"section\">\n\t\t\t\t\t\t<div class=\"elementor-container elementor-column-gap-default\">\n\t\t\t\t\t<div class=\"elementor-column elementor-col-100 elementor-top-column elementor-element elementor-element-76e28b8\" data-id=\"76e28b8\" data-element_type=\"column\" data-e-type=\"column\">\n\t\t\t<div class=\"elementor-widget-wrap elementor-element-populated\">\n\t\t\t\t\t\t<div class=\"elementor-element elementor-element-b83cbcb elementor-grid-3 elementor-grid-tablet-2 elementor-grid-mobile-1 elementor-posts--thumbnail-top elementor-card-shadow-yes elementor-posts__hover-gradient elementor-widget elementor-widget-posts\" data-id=\"b83cbcb\" data-element_type=\"widget\" data-e-type=\"widget\" data-settings=\"{&quot;cards_columns&quot;:&quot;3&quot;,&quot;cards_columns_tablet&quot;:&quot;2&quot;,&quot;cards_columns_mobile&quot;:&quot;1&quot;,&quot;cards_row_gap&quot;:{&quot;unit&quot;:&quot;px&quot;,&quot;size&quot;:35,&quot;sizes&quot;:[]},&quot;cards_row_gap_tablet&quot;:{&quot;unit&quot;:&quot;px&quot;,&quot;size&quot;:&quot;&quot;,&quot;sizes&quot;:[]},&quot;cards_row_gap_mobile&quot;:{&quot;unit&quot;:&quot;px&quot;,&quot;size&quot;:&quot;&quot;,&quot;sizes&quot;:[]}}\" data-widget_type=\"posts.cards\">\n\t\t\t\t<div class=\"elementor-widget-container\">\n\t\t\t\t\t\t\t<div class=\"elementor-posts-container elementor-posts elementor-posts--skin-cards elementor-grid\" role=\"list\">\n\t\t\t\t<article class=\"elementor-post elementor-grid-item post-1587 post type-post status-publish format-standard has-post-thumbnail hentry category-ambiente category-news category-progetticollaborazioni category-pubblicazioni\" role=\"listitem\">\n\t\t\t<div class=\"elementor-post__card\">\n\t\t\t\t<a class=\"elementor-post__thumbnail__link\" href=\"https:\/\/web.infn.it\/labec\/en\/2022\/03\/04\/particulate-matter-in-arctic-a-new-study-pubished\/\" tabindex=\"-1\" ><div class=\"elementor-post__thumbnail\"><img fetchpriority=\"high\" decoding=\"async\" width=\"300\" height=\"201\" src=\"https:\/\/web.infn.it\/labec\/wp-content\/uploads\/2022\/03\/20150508_211200-scaled-1-300x201.jpeg\" class=\"attachment-medium size-medium wp-image-1586\" alt=\"\" srcset=\"https:\/\/web.infn.it\/labec\/wp-content\/uploads\/2022\/03\/20150508_211200-scaled-1-300x201.jpeg 300w, https:\/\/web.infn.it\/labec\/wp-content\/uploads\/2022\/03\/20150508_211200-scaled-1-1024x686.jpeg 1024w, https:\/\/web.infn.it\/labec\/wp-content\/uploads\/2022\/03\/20150508_211200-scaled-1-768x514.jpeg 768w, https:\/\/web.infn.it\/labec\/wp-content\/uploads\/2022\/03\/20150508_211200-scaled-1-1536x1028.jpeg 1536w, https:\/\/web.infn.it\/labec\/wp-content\/uploads\/2022\/03\/20150508_211200-scaled-1-2048x1371.jpeg 2048w, https:\/\/web.infn.it\/labec\/wp-content\/uploads\/2022\/03\/20150508_211200-scaled-1-272x182.jpeg 272w\" sizes=\"(max-width: 300px) 100vw, 300px\" \/><\/div><\/a>\n\t\t\t\t<div class=\"elementor-post__text\">\n\t\t\t\t<h3 class=\"elementor-post__title\">\n\t\t\t<a href=\"https:\/\/web.infn.it\/labec\/en\/2022\/03\/04\/particulate-matter-in-arctic-a-new-study-pubished\/\" >\n\t\t\t\tParticulate Matter in Arctic: a new study published\t\t\t<\/a>\n\t\t<\/h3>\n\t\t\t\t<div class=\"elementor-post__excerpt\">\n\t\t\t<p>A new study on particulate matter in Arctic has been recently published on Nature Geoscience. The research, which LABEC has collaborated to, shows an equal<\/p>\n\t\t<\/div>\n\t\t\n\t\t<a class=\"elementor-post__read-more\" href=\"https:\/\/web.infn.it\/labec\/en\/2022\/03\/04\/particulate-matter-in-arctic-a-new-study-pubished\/\" aria-label=\"Leggi tutto Particulate Matter in Arctic: a new study published\" tabindex=\"-1\" >\n\t\t\tRead More \u00bb\t\t<\/a>\n\n\t\t\t\t<\/div>\n\t\t\t\t<div class=\"elementor-post__meta-data\">\n\t\t\t\t\t<span class=\"elementor-post-date\">\n\t\t\t4 Marzo 2022\t\t<\/span>\n\t\t\t\t<\/div>\n\t\t\t\t\t<\/div>\n\t\t<\/article>\n\t\t\t\t<article class=\"elementor-post elementor-grid-item post-1583 post type-post status-publish format-standard has-post-thumbnail hentry category-ambiente category-news category-progetticollaborazioni category-pubblicazioni\" role=\"listitem\">\n\t\t\t<div class=\"elementor-post__card\">\n\t\t\t\t<a class=\"elementor-post__thumbnail__link\" href=\"https:\/\/web.infn.it\/labec\/2022\/03\/04\/particolato-in-artide-pubblicato-un-nuovo-studio\/\" tabindex=\"-1\" ><div class=\"elementor-post__thumbnail\"><img fetchpriority=\"high\" decoding=\"async\" width=\"300\" height=\"201\" src=\"https:\/\/web.infn.it\/labec\/wp-content\/uploads\/2022\/03\/20150508_211200-scaled-1-300x201.jpeg\" class=\"attachment-medium size-medium wp-image-1586\" alt=\"\" srcset=\"https:\/\/web.infn.it\/labec\/wp-content\/uploads\/2022\/03\/20150508_211200-scaled-1-300x201.jpeg 300w, https:\/\/web.infn.it\/labec\/wp-content\/uploads\/2022\/03\/20150508_211200-scaled-1-1024x686.jpeg 1024w, https:\/\/web.infn.it\/labec\/wp-content\/uploads\/2022\/03\/20150508_211200-scaled-1-768x514.jpeg 768w, https:\/\/web.infn.it\/labec\/wp-content\/uploads\/2022\/03\/20150508_211200-scaled-1-1536x1028.jpeg 1536w, https:\/\/web.infn.it\/labec\/wp-content\/uploads\/2022\/03\/20150508_211200-scaled-1-2048x1371.jpeg 2048w, https:\/\/web.infn.it\/labec\/wp-content\/uploads\/2022\/03\/20150508_211200-scaled-1-272x182.jpeg 272w\" sizes=\"(max-width: 300px) 100vw, 300px\" \/><\/div><\/a>\n\t\t\t\t<div class=\"elementor-post__text\">\n\t\t\t\t<h3 class=\"elementor-post__title\">\n\t\t\t<a href=\"https:\/\/web.infn.it\/labec\/2022\/03\/04\/particolato-in-artide-pubblicato-un-nuovo-studio\/\" >\n\t\t\t\tParticolato in Artide: pubblicato un nuovo studio\t\t\t<\/a>\n\t\t<\/h3>\n\t\t\t\t<div class=\"elementor-post__excerpt\">\n\t\t\t<p>&nbsp; Il 28 febbraio 2022 \u00e8 stato pubblicato su Nature Geoscience uno studio, al quale ha contribuito anche il LABEC, sul particolato atmosferico in Artide.&nbsp;La<\/p>\n\t\t<\/div>\n\t\t\n\t\t<a class=\"elementor-post__read-more\" href=\"https:\/\/web.infn.it\/labec\/2022\/03\/04\/particolato-in-artide-pubblicato-un-nuovo-studio\/\" aria-label=\"Leggi tutto Particolato in Artide: pubblicato un nuovo studio\" tabindex=\"-1\" >\n\t\t\tRead More \u00bb\t\t<\/a>\n\n\t\t\t\t<\/div>\n\t\t\t\t<div class=\"elementor-post__meta-data\">\n\t\t\t\t\t<span class=\"elementor-post-date\">\n\t\t\t4 Marzo 2022\t\t<\/span>\n\t\t\t\t<\/div>\n\t\t\t\t\t<\/div>\n\t\t<\/article>\n\t\t\t\t<article class=\"elementor-post elementor-grid-item post-1451 post type-post status-publish format-standard has-post-thumbnail hentry category-beni-culturali category-news category-progetticollaborazioni\" role=\"listitem\">\n\t\t\t<div class=\"elementor-post__card\">\n\t\t\t\t<a class=\"elementor-post__thumbnail__link\" href=\"https:\/\/web.infn.it\/labec\/2022\/02\/03\/il-portale-di-ariadneplus\/\" tabindex=\"-1\" ><div class=\"elementor-post__thumbnail\"><img decoding=\"async\" width=\"300\" height=\"167\" src=\"https:\/\/web.infn.it\/labec\/wp-content\/uploads\/2022\/02\/AriadneScreenshot-300x167.png\" class=\"attachment-medium size-medium wp-image-1455\" alt=\"\" srcset=\"https:\/\/web.infn.it\/labec\/wp-content\/uploads\/2022\/02\/AriadneScreenshot-300x167.png 300w, https:\/\/web.infn.it\/labec\/wp-content\/uploads\/2022\/02\/AriadneScreenshot-1024x571.png 1024w, https:\/\/web.infn.it\/labec\/wp-content\/uploads\/2022\/02\/AriadneScreenshot-768x428.png 768w, https:\/\/web.infn.it\/labec\/wp-content\/uploads\/2022\/02\/AriadneScreenshot-1536x857.png 1536w, https:\/\/web.infn.it\/labec\/wp-content\/uploads\/2022\/02\/AriadneScreenshot-2048x1142.png 2048w\" sizes=\"(max-width: 300px) 100vw, 300px\" \/><\/div><\/a>\n\t\t\t\t<div class=\"elementor-post__text\">\n\t\t\t\t<h3 class=\"elementor-post__title\">\n\t\t\t<a href=\"https:\/\/web.infn.it\/labec\/2022\/02\/03\/il-portale-di-ariadneplus\/\" >\n\t\t\t\tIl portale di ARIADNEplus\t\t\t<\/a>\n\t\t<\/h3>\n\t\t\t\t<div class=\"elementor-post__excerpt\">\n\t\t\t<p>\u00e9 online, accessibile per archeologi e studiosi, il portale aggiornato di ARIADNEplus, il progetto europeo finanziato nell&#8217;ambito delle azioni di Horizon2020 che si propone di<\/p>\n\t\t<\/div>\n\t\t\n\t\t<a class=\"elementor-post__read-more\" href=\"https:\/\/web.infn.it\/labec\/2022\/02\/03\/il-portale-di-ariadneplus\/\" aria-label=\"Leggi tutto Il portale di ARIADNEplus\" tabindex=\"-1\" >\n\t\t\tRead More \u00bb\t\t<\/a>\n\n\t\t\t\t<\/div>\n\t\t\t\t<div class=\"elementor-post__meta-data\">\n\t\t\t\t\t<span class=\"elementor-post-date\">\n\t\t\t3 Febbraio 2022\t\t<\/span>\n\t\t\t\t<\/div>\n\t\t\t\t\t<\/div>\n\t\t<\/article>\n\t\t\t\t<article class=\"elementor-post elementor-grid-item post-1593 post type-post status-publish format-standard has-post-thumbnail hentry category-beni-culturali category-cultural-heritage category-news category-progetticollaborazioni\" role=\"listitem\">\n\t\t\t<div class=\"elementor-post__card\">\n\t\t\t\t<a class=\"elementor-post__thumbnail__link\" href=\"https:\/\/web.infn.it\/labec\/en\/2022\/02\/03\/ariadneplus-portal\/\" tabindex=\"-1\" ><div class=\"elementor-post__thumbnail\"><img decoding=\"async\" width=\"300\" height=\"167\" src=\"https:\/\/web.infn.it\/labec\/wp-content\/uploads\/2022\/02\/AriadneScreenshot-300x167.png\" class=\"attachment-medium size-medium wp-image-1455\" alt=\"\" srcset=\"https:\/\/web.infn.it\/labec\/wp-content\/uploads\/2022\/02\/AriadneScreenshot-300x167.png 300w, https:\/\/web.infn.it\/labec\/wp-content\/uploads\/2022\/02\/AriadneScreenshot-1024x571.png 1024w, https:\/\/web.infn.it\/labec\/wp-content\/uploads\/2022\/02\/AriadneScreenshot-768x428.png 768w, https:\/\/web.infn.it\/labec\/wp-content\/uploads\/2022\/02\/AriadneScreenshot-1536x857.png 1536w, https:\/\/web.infn.it\/labec\/wp-content\/uploads\/2022\/02\/AriadneScreenshot-2048x1142.png 2048w\" sizes=\"(max-width: 300px) 100vw, 300px\" \/><\/div><\/a>\n\t\t\t\t<div class=\"elementor-post__text\">\n\t\t\t\t<h3 class=\"elementor-post__title\">\n\t\t\t<a href=\"https:\/\/web.infn.it\/labec\/en\/2022\/02\/03\/ariadneplus-portal\/\" >\n\t\t\t\tARIADNEplus portal\t\t\t<\/a>\n\t\t<\/h3>\n\t\t\t\t<div class=\"elementor-post__excerpt\">\n\t\t\t<p>The updated portal of ARIADNE plus is online and it is accessible to archeologists and scholars. ARIADNE plus is a project funded by the European<\/p>\n\t\t<\/div>\n\t\t\n\t\t<a class=\"elementor-post__read-more\" href=\"https:\/\/web.infn.it\/labec\/en\/2022\/02\/03\/ariadneplus-portal\/\" aria-label=\"Leggi tutto ARIADNEplus portal\" tabindex=\"-1\" >\n\t\t\tRead More \u00bb\t\t<\/a>\n\n\t\t\t\t<\/div>\n\t\t\t\t<div class=\"elementor-post__meta-data\">\n\t\t\t\t\t<span class=\"elementor-post-date\">\n\t\t\t3 Febbraio 2022\t\t<\/span>\n\t\t\t\t<\/div>\n\t\t\t\t\t<\/div>\n\t\t<\/article>\n\t\t\t\t<article class=\"elementor-post elementor-grid-item post-1299 post type-post status-publish format-standard has-post-thumbnail hentry category-beni-culturali category-news category-outreach category-progetticollaborazioni\" role=\"listitem\">\n\t\t\t<div class=\"elementor-post__card\">\n\t\t\t\t<a class=\"elementor-post__thumbnail__link\" href=\"https:\/\/web.infn.it\/labec\/2021\/12\/22\/il-labec-a-tourisma-con-il-progetto-4ch\/\" tabindex=\"-1\" ><div class=\"elementor-post__thumbnail\"><img decoding=\"async\" width=\"300\" height=\"227\" src=\"https:\/\/web.infn.it\/labec\/wp-content\/uploads\/2021\/12\/IMG_3939-300x227.jpg\" class=\"attachment-medium size-medium wp-image-1341\" alt=\"\" srcset=\"https:\/\/web.infn.it\/labec\/wp-content\/uploads\/2021\/12\/IMG_3939-300x227.jpg 300w, https:\/\/web.infn.it\/labec\/wp-content\/uploads\/2021\/12\/IMG_3939-1024x775.jpg 1024w, https:\/\/web.infn.it\/labec\/wp-content\/uploads\/2021\/12\/IMG_3939-768x582.jpg 768w, https:\/\/web.infn.it\/labec\/wp-content\/uploads\/2021\/12\/IMG_3939-1536x1163.jpg 1536w, https:\/\/web.infn.it\/labec\/wp-content\/uploads\/2021\/12\/IMG_3939-2048x1551.jpg 2048w\" sizes=\"(max-width: 300px) 100vw, 300px\" \/><\/div><\/a>\n\t\t\t\t<div class=\"elementor-post__text\">\n\t\t\t\t<h3 class=\"elementor-post__title\">\n\t\t\t<a href=\"https:\/\/web.infn.it\/labec\/2021\/12\/22\/il-labec-a-tourisma-con-il-progetto-4ch\/\" >\n\t\t\t\tIl LABEC a Tourisma con il progetto 4CH\t\t\t<\/a>\n\t\t<\/h3>\n\t\t\t\t<div class=\"elementor-post__excerpt\">\n\t\t\t<p>Si \u00e8 svolto a Firenze dal 17 al 19 dicembre 2021 TourismA, il salone dell&#8217;archeologia e del turismo culturale. Il LABEC ha presentato 4CH, progetto<\/p>\n\t\t<\/div>\n\t\t\n\t\t<a class=\"elementor-post__read-more\" href=\"https:\/\/web.infn.it\/labec\/2021\/12\/22\/il-labec-a-tourisma-con-il-progetto-4ch\/\" aria-label=\"Leggi tutto Il LABEC a Tourisma con il progetto 4CH\" tabindex=\"-1\" >\n\t\t\tRead More \u00bb\t\t<\/a>\n\n\t\t\t\t<\/div>\n\t\t\t\t<div class=\"elementor-post__meta-data\">\n\t\t\t\t\t<span class=\"elementor-post-date\">\n\t\t\t22 Dicembre 2021\t\t<\/span>\n\t\t\t\t<\/div>\n\t\t\t\t\t<\/div>\n\t\t<\/article>\n\t\t\t\t<article class=\"elementor-post elementor-grid-item post-1647 post type-post status-publish format-standard has-post-thumbnail hentry category-cultural-heritage category-news category-outreach category-progetticollaborazioni\" role=\"listitem\">\n\t\t\t<div class=\"elementor-post__card\">\n\t\t\t\t<a class=\"elementor-post__thumbnail__link\" href=\"https:\/\/web.infn.it\/labec\/en\/2021\/12\/22\/labec-at-tourisma-with-4ch-project\/\" tabindex=\"-1\" ><div class=\"elementor-post__thumbnail\"><img decoding=\"async\" width=\"300\" height=\"227\" src=\"https:\/\/web.infn.it\/labec\/wp-content\/uploads\/2021\/12\/IMG_3939-300x227.jpg\" class=\"attachment-medium size-medium wp-image-1341\" alt=\"\" srcset=\"https:\/\/web.infn.it\/labec\/wp-content\/uploads\/2021\/12\/IMG_3939-300x227.jpg 300w, https:\/\/web.infn.it\/labec\/wp-content\/uploads\/2021\/12\/IMG_3939-1024x775.jpg 1024w, https:\/\/web.infn.it\/labec\/wp-content\/uploads\/2021\/12\/IMG_3939-768x582.jpg 768w, https:\/\/web.infn.it\/labec\/wp-content\/uploads\/2021\/12\/IMG_3939-1536x1163.jpg 1536w, https:\/\/web.infn.it\/labec\/wp-content\/uploads\/2021\/12\/IMG_3939-2048x1551.jpg 2048w\" sizes=\"(max-width: 300px) 100vw, 300px\" \/><\/div><\/a>\n\t\t\t\t<div class=\"elementor-post__text\">\n\t\t\t\t<h3 class=\"elementor-post__title\">\n\t\t\t<a href=\"https:\/\/web.infn.it\/labec\/en\/2021\/12\/22\/labec-at-tourisma-with-4ch-project\/\" >\n\t\t\t\tLABEC at Tourisma with 4CH project\t\t\t<\/a>\n\t\t<\/h3>\n\t\t\t\t<div class=\"elementor-post__excerpt\">\n\t\t\t<p>From December 17th to 19th 2021, in Florence, TourismA, the exhibition of archaeology and cultural tourism took place. LABEC presented 4CH, a project funded by<\/p>\n\t\t<\/div>\n\t\t\n\t\t<a class=\"elementor-post__read-more\" href=\"https:\/\/web.infn.it\/labec\/en\/2021\/12\/22\/labec-at-tourisma-with-4ch-project\/\" aria-label=\"Leggi tutto LABEC at Tourisma with 4CH project\" tabindex=\"-1\" >\n\t\t\tRead More \u00bb\t\t<\/a>\n\n\t\t\t\t<\/div>\n\t\t\t\t<div class=\"elementor-post__meta-data\">\n\t\t\t\t\t<span class=\"elementor-post-date\">\n\t\t\t22 Dicembre 2021\t\t<\/span>\n\t\t\t\t<\/div>\n\t\t\t\t\t<\/div>\n\t\t<\/article>\n\t\t\t\t<\/div>\n\t\t\n\t\t\t\t\t\t<\/div>\n\t\t\t\t<\/div>\n\t\t\t\t\t<\/div>\n\t\t<\/div>\n\t\t\t\t\t<\/div>\n\t\t<\/section>\n\t\t\t\t<\/div>\n\t\t","protected":false},"excerpt":{"rendered":"<p>CHI SIAMO Il LABEC, Laboratorio di tecniche nucleari per l&#8217;Ambiente e i BEni Culturali, \u00e8 un centro di riferimento per lo sviluppo di nuove tecnologie basate sull&#8217;uso di acceleratori e di radiazioni ionizzanti, e le loro applicazioni in contesti ambientali e di studio e valorizzazione del patrimonio culturale. Il laboratorio \u00e8 ospitato presso la sezione <a href=\"https:\/\/web.infn.it\/labec\/en\/2021\/12\/22\/labec-at-tourisma-with-4ch-project\/\" class=\"read-more inline\">Read More<\/a><\/p>\n","protected":false},"author":2,"featured_media":0,"parent":0,"menu_order":0,"comment_status":"closed","ping_status":"closed","template":"template-gutenberg.php","meta":{"footnotes":""},"class_list":["post-73","page","type-page","status-publish","hentry"],"_links":{"self":[{"href":"https:\/\/web.infn.it\/labec\/wp-json\/wp\/v2\/pages\/73","targetHints":{"allow":["GET"]}}],"collection":[{"href":"https:\/\/web.infn.it\/labec\/wp-json\/wp\/v2\/pages"}],"about":[{"href":"https:\/\/web.infn.it\/labec\/wp-json\/wp\/v2\/types\/page"}],"author":[{"embeddable":true,"href":"https:\/\/web.infn.it\/labec\/wp-json\/wp\/v2\/users\/2"}],"replies":[{"embeddable":true,"href":"https:\/\/web.infn.it\/labec\/wp-json\/wp\/v2\/comments?post=73"}],"version-history":[{"count":183,"href":"https:\/\/web.infn.it\/labec\/wp-json\/wp\/v2\/pages\/73\/revisions"}],"predecessor-version":[{"id":2110,"href":"https:\/\/web.infn.it\/labec\/wp-json\/wp\/v2\/pages\/73\/revisions\/2110"}],"wp:attachment":[{"href":"https:\/\/web.infn.it\/labec\/wp-json\/wp\/v2\/media?parent=73"}],"curies":[{"name":"wp","href":"https:\/\/api.w.org\/{rel}","templated":true}]}}